{"id":40,"date":"2025-04-14T14:27:36","date_gmt":"2025-04-14T12:27:36","guid":{"rendered":"https:\/\/www.xefi.com\/?page_id=40"},"modified":"2025-10-08T12:17:42","modified_gmt":"2025-10-08T10:17:42","slug":"equipement","status":"publish","type":"page","link":"https:\/\/www.xefi.ch\/fr\/equipement\/","title":{"rendered":"\u00c9quipement"},"content":{"rendered":"\n<div class=\"wp-block-group alignfull is-layout-constrained wp-container-core-group-is-layout-a47e864c wp-block-group-is-layout-constrained\" style=\"padding-top:var(--wp--preset--spacing--80);padding-right:var(--wp--preset--spacing--50);padding-bottom:var(--wp--preset--spacing--80);padding-left:var(--wp--preset--spacing--50)\">\n<div class=\"wp-block-columns is-layout-flex wp-container-core-columns-is-layout-7ee84d44 wp-block-columns-is-layout-flex\">\n<div class=\"wp-block-column is-layout-flow wp-container-core-column-is-layout-8a368f38 wp-block-column-is-layout-flow\"><div class=\"manitoba-chiffres-cle animated wp-block-manitoba-chiffres-chiffres-cle\" id=\"chiffre-1\">\n  <div class=\"manitoba-chiffres-number-wrapper\">\n    <p class=\"manitoba-chiffres-number-value\" data-number=\"70\"\n      data-animated=\"true\" style=\"\">\n      0    <\/p>\n        <p class=\"manitoba-chiffres-number-unit\" style=\"\">%<\/p>\n      <\/div>\n<\/div>\n\n\n\n\n<p class=\"has-text-align-center\" style=\"margin-bottom:var(--wp--preset--spacing--20)\">des pannes informatiques sont li\u00e9es \u00e0 du mat\u00e9riel obsol\u00e8te<\/p>\n\n\n\n<p class=\"has-text-align-center has-grey-color has-text-color has-link-color has-custom-small-font-size wp-elements-a5859d4fbb180e062897e7f1e9e3725e\">Source : Gartner<\/p>\n<\/div>\n\n\n\n<div class=\"wp-block-column is-layout-flow wp-block-column-is-layout-flow\"><div class=\"manitoba-chiffres-cle animated wp-block-manitoba-chiffres-chiffres-cle\" id=\"chiffre-2\">\n  <div class=\"manitoba-chiffres-number-wrapper\">\n    <p class=\"manitoba-chiffres-number-value\" data-number=\"22\"\n      data-animated=\"true\" style=\"\">\n      0    <\/p>\n        <p class=\"manitoba-chiffres-number-unit\" style=\"\">min<\/p>\n      <\/div>\n<\/div>\n\n\n\n\n<p class=\"has-text-align-center\" style=\"margin-bottom:var(--wp--preset--spacing--20)\">par jour perdues \u00e0 cause d\u2019un \u00e9quipement informatique inadapt\u00e9<\/p>\n\n\n\n<p class=\"has-text-align-center has-grey-color has-text-color has-link-color has-custom-small-font-size wp-elements-2ec5e8feec16ecb622d5fbfcc0f1e3c1\">Source : \u00c9tude Sharp\/IPSOS, 2020<\/p>\n<\/div>\n\n\n\n<div class=\"wp-block-column is-layout-flow wp-block-column-is-layout-flow\"><div class=\"manitoba-chiffres-cle animated wp-block-manitoba-chiffres-chiffres-cle\" id=\"chiffre-3\">\n  <div class=\"manitoba-chiffres-number-wrapper\">\n    <p class=\"manitoba-chiffres-number-value\" data-number=\"68\"\n      data-animated=\"true\" style=\"\">\n      0    <\/p>\n        <p class=\"manitoba-chiffres-number-unit\" style=\"\">%<\/p>\n      <\/div>\n<\/div>\n\n\n\n\n<p class=\"has-text-align-center\" style=\"margin-bottom:var(--wp--preset--spacing--20)\">des employ\u00e9s affirment que disposer d\u2019un mat\u00e9riel performant am\u00e9liore leur motivation<\/p>\n\n\n\n<p class=\"has-text-align-center has-grey-color has-text-color has-link-color has-custom-small-font-size wp-elements-4bf413f04ae9e104547d5a1cc0443b16\">Source : \u00c9tude Symantec<\/p>\n<\/div>\n<\/div>\n<\/div>\n\n\n\n<div class=\"wp-block-group alignfull is-layout-constrained wp-container-core-group-is-layout-a47e864c wp-block-group-is-layout-constrained\" style=\"padding-top:var(--wp--preset--spacing--80);padding-right:var(--wp--preset--spacing--50);padding-bottom:var(--wp--preset--spacing--80);padding-left:var(--wp--preset--spacing--50)\">\n<h2 class=\"wp-block-heading has-text-align-center\" style=\"margin-bottom:var(--wp--preset--spacing--80)\">Des outils performants pour une <mark class=\"has-inline-color has-primary-color\">entreprise plus efficace<\/mark><\/h2>\n\n\n<nav class=\"manitoba-intern-menu manitoba-intern-menu-cols-4 manitoba-intern-menu--hover-width wp-block-manitoba-page-location-intern-menu\" aria-label=\"Menu interne\">\n  <ul class=\"manitoba-intern-menu-grid\">\n            <li class=\"manitoba-intern-menu-grid-item\">\n                  <a href=\"https:\/\/www.xefi.ch\/fr\/equipement\/equipement-nos-solutions\/pc-fixes-et-portables\/\" class=\"manitoba-intern-menu-item has-description\" aria-labelledby=\"menu-title-0\" aria-describedby=\"menu-desc-0\">\n                  <div class=\"manitoba-intern-menu-item-background\" style=\"background-image: url(https:\/\/www.xefi.fr\/wp-content\/uploads\/sites\/2\/2025\/07\/pc-fixes-et-portables-professionnels-xefi-partenaire-informatique-des-tpe-pme-2.png);\" aria-hidden=\"true\"><\/div>\n          <div class=\"manitoba-intern-menu-item-overlay\">\n            <div class=\"manitoba-intern-menu-item-title-container\">\n              <h3 id=\"menu-title-0\" class=\"manitoba-intern-menu-item-title\">\n                PC fixes et portables professionnels<\/h3>\n            <\/div>\n                        <div class=\"manitoba-intern-menu-item-description-container\">\n              <p id=\"menu-desc-0\" class=\"manitoba-intern-menu-item-description\">\n                Mat\u00e9riel 100 % HP, install\u00e9 cl\u00e9 en main, maintenu sur toute la dur\u00e9e du contrat.              <\/p>\n            <\/div>\n                      <\/div>\n                <\/a>\n          <\/li>\n        <li class=\"manitoba-intern-menu-grid-item\">\n                  <a href=\"https:\/\/www.xefi.ch\/fr\/equipement\/equipement-nos-solutions\/serveurs\/\" class=\"manitoba-intern-menu-item has-description\" aria-labelledby=\"menu-title-1\" aria-describedby=\"menu-desc-1\">\n                  <div class=\"manitoba-intern-menu-item-background\" style=\"background-image: url(https:\/\/www.xefi.fr\/wp-content\/uploads\/sites\/2\/2025\/07\/serveurs-professionnels-hpe-xefi-partenaire-informatique-des-tpe-pme-2.jpg);\" aria-hidden=\"true\"><\/div>\n          <div class=\"manitoba-intern-menu-item-overlay\">\n            <div class=\"manitoba-intern-menu-item-title-container\">\n              <h3 id=\"menu-title-1\" class=\"manitoba-intern-menu-item-title\">\n                Serveurs professionnels HPE<\/h3>\n            <\/div>\n                        <div class=\"manitoba-intern-menu-item-description-container\">\n              <p id=\"menu-desc-1\" class=\"manitoba-intern-menu-item-description\">\n                Une infrastructure dimensionn\u00e9e pour vos applications, vos donn\u00e9es et vos enjeux de disponibilit\u00e9.              <\/p>\n            <\/div>\n                      <\/div>\n                <\/a>\n          <\/li>\n        <li class=\"manitoba-intern-menu-grid-item\">\n                  <a href=\"https:\/\/www.xefi.ch\/fr\/equipement\/equipement-nos-solutions\/peripheriques\/\" class=\"manitoba-intern-menu-item has-description\" aria-labelledby=\"menu-title-2\" aria-describedby=\"menu-desc-2\">\n                  <div class=\"manitoba-intern-menu-item-background\" style=\"background-image: url(https:\/\/www.xefi.ch\/wp-content\/uploads\/sites\/7\/2025\/07\/peripheriques-informatiques-xefi-partenaire-informatique-des-tpe-pme.jpg);\" aria-hidden=\"true\"><\/div>\n          <div class=\"manitoba-intern-menu-item-overlay\">\n            <div class=\"manitoba-intern-menu-item-title-container\">\n              <h3 id=\"menu-title-2\" class=\"manitoba-intern-menu-item-title\">\n                P\u00e9riph\u00e9riques informatiques<\/h3>\n            <\/div>\n                        <div class=\"manitoba-intern-menu-item-description-container\">\n              <p id=\"menu-desc-2\" class=\"manitoba-intern-menu-item-description\">\n                Des outils de visioconf\u00e9rence (audio et vid\u00e9o) pens\u00e9s pour am\u00e9liorer la qualit\u00e9 des \u00e9changes et le confort de travail lors de vos r\u00e9unions \u00e0 distance.              <\/p>\n            <\/div>\n                      <\/div>\n                <\/a>\n          <\/li>\n        <li class=\"manitoba-intern-menu-grid-item\">\n                  <a href=\"https:\/\/www.xefi.ch\/fr\/equipement\/equipement-nos-solutions\/financement\/\" class=\"manitoba-intern-menu-item has-description\" aria-labelledby=\"menu-title-3\" aria-describedby=\"menu-desc-3\">\n                  <div class=\"manitoba-intern-menu-item-background\" style=\"background-image: url(https:\/\/www.xefi.ch\/wp-content\/uploads\/sites\/7\/2025\/07\/financement-location-evolutive-nexleasexefi-partenaire-informatique-tpe-pme.jpg);\" aria-hidden=\"true\"><\/div>\n          <div class=\"manitoba-intern-menu-item-overlay\">\n            <div class=\"manitoba-intern-menu-item-title-container\">\n              <h3 id=\"menu-title-3\" class=\"manitoba-intern-menu-item-title\">\n                Financement<\/h3>\n            <\/div>\n                        <div class=\"manitoba-intern-menu-item-description-container\">\n              <p id=\"menu-desc-3\" class=\"manitoba-intern-menu-item-description\">\n                \u00c9quipez-vous sans alourdir votre tr\u00e9sorerie gr\u00e2ce \u00e0 une solution souple, \u00e9volutive et parfaitement adapt\u00e9e aux TPE\/PME.              <\/p>\n            <\/div>\n                      <\/div>\n                <\/a>\n          <\/li>\n          <\/ul>\n<\/nav>\n<\/div>\n\n\n\n<div class=\"wp-block-group alignfull is-layout-constrained wp-container-core-group-is-layout-11c1ca01 wp-block-group-is-layout-constrained has-background\" style=\"padding-right:var(--wp--preset--spacing--50);padding-left:var(--wp--preset--spacing--50);background-image:url(&#039;https:\/\/www.xefi.fr\/wp-content\/uploads\/sites\/2\/2025\/07\/bandeau_contact_equipement-scaled.jpg&#039;);background-position:50% 50%;background-size:cover;background-attachment:scroll;\">\n<div class=\"wp-block-columns is-layout-flex wp-container-core-columns-is-layout-28f84493 wp-block-columns-is-layout-flex\">\n<div class=\"wp-block-column is-layout-flow wp-block-column-is-layout-flow\" style=\"padding-top:var(--wp--preset--spacing--50);padding-bottom:var(--wp--preset--spacing--50);flex-basis:33.33%\">\n<h3 class=\"wp-block-heading has-background-color has-text-color has-link-color wp-elements-df155d33dd07546bab9a2d6cdd0ede33\">BESOIN D&#8217;UN NOUVEL \u00c9QUIPEMENT SANS ALOURDIR VOTRE TR\u00c9SORERIE ?<\/h3>\n\n\n\n<p class=\"has-background-color has-text-color has-link-color wp-elements-6cda7be45071df643340abf17884fec3\">\u00c9quipez-vous avec le meilleur mat\u00e9riel tout en ma\u00eetrisant vos co\u00fbts !<\/p>\n\n\n\n<div class=\"wp-block-buttons is-layout-flex wp-block-buttons-is-layout-flex\">\n<div class=\"wp-block-button alt\"><a class=\"wp-block-button__link has-background-background-color has-background has-border-color has-dark-border-color wp-element-button\" href=\"#contact-store\" style=\"border-width:4px\">NOUS CONTACTER<\/a><\/div>\n<\/div>\n<\/div>\n<\/div>\n<\/div>\n\n\n\n<div class=\"wp-block-group alignfull has-grey-background-color has-background is-layout-constrained wp-container-core-group-is-layout-a47e864c wp-block-group-is-layout-constrained\" style=\"padding-top:var(--wp--preset--spacing--80);padding-right:var(--wp--preset--spacing--50);padding-bottom:var(--wp--preset--spacing--80);padding-left:var(--wp--preset--spacing--50)\">\n<h2 class=\"wp-block-heading has-text-align-center has-dark-color has-text-color has-link-color wp-elements-4f1055b16fe0c3637c1e54c00326bdea\" style=\"margin-bottom:var(--wp--preset--spacing--80)\">PAROLE \u00c0 <mark class=\"has-inline-color has-primary-color\">NOS EXPERTS<\/mark><\/h2>\n\n\n<script type=\"application\/ld+json\">{\"@context\":\"https:\/\/schema.org\",\"@graph\":[{\"@type\":\"TechArticle\",\"headline\":\"Check-list de rentr\u00e9e informatique (IT) pour les PME et TPE : Le guide de reprise sans bug\",\"dateCreated\":\"2026-09-01T11:33:07+02:00\",\"datePublished\":\"2026-09-01T11:33:07+02:00\",\"abstract\":\"En r\u00e9sum\u00e9 Vos collaborateurs reviennent lundi. Votre serveur, lui, est \u00e9teint depuis trois semaines et personne ne sait dans quel \u00e9tat il va se rallumer. C\u2019est ce d\u00e9calage qui transforme une rentr\u00e9e en journ\u00e9e perdue. Une checklist informatique avant la rentr\u00e9e sert exactement \u00e0 \u00e7a : r\u00e9gler le probl\u00e8me avant la r\u00e9ouverture, pas le matin [\u2026]\",\"inLanguage\":\"fr-CH\",\"url\":\"https:\/\/www.xefi.ch\/fr\/check-list-de-rentree-informatique-it-pour-les-pme\/\",\"author\":{\"@type\":\"Person\",\"name\":\"sladana\"},\"image\":{\"@type\":\"ImageObject\",\"url\":\"https:\/\/www.xefi.fr\/wp-content\/uploads\/sites\/2\/2026\/09\/check-list-de-rentree-informatique-it_XEFI-Partenaire-informatique-des-TPE-PME.webp\"}},{\"@type\":\"TechArticle\",\"headline\":\"Notre expert IT, Pierre nous parle de nos solutions en \u00e9quipement\",\"dateCreated\":\"2025-07-29T12:15:09+02:00\",\"datePublished\":\"2025-07-29T12:15:09+02:00\",\"abstract\":\"En moins de 2 minutes, d\u00e9couvrez en vid\u00e9o, le t\u00e9moignage de notre expert IT sur les solutions \u00e9quipement informatique propos\u00e9es aux TPE et PME ! Pourquoi une TPE\/PME doit-elle \u00eatre bien \u00e9quip\u00e9e en mat\u00e9riel informatique ? Concr\u00e8tement, quel mat\u00e9riel propose XEFI ? Pourquoi faire appel \u00e0 XEFI ?\",\"inLanguage\":\"fr-CH\",\"url\":\"https:\/\/www.xefi.ch\/fr\/notre-expert-it-pierre-nous-parle-de-nos-solutions-en-equipement-informatique\/\",\"author\":{\"@type\":\"Person\",\"name\":\"sladana\"},\"image\":{\"@type\":\"ImageObject\",\"url\":\"https:\/\/www.xefi.ch\/wp-content\/uploads\/sites\/7\/2025\/07\/pierre-expert-it-solution-equipement-xefi-informatique-partenaire-des-tpe-pme.png\"}}]}<\/script><div class=\"manitoba-articles-carousel\" id=\"articles-carousel-4\"\n  data-max-items=\"5\" data-autoplay=\"false\" data-autoplay-delay=\"60000\">\n  <div class=\"swiper\">\n    <div class=\"swiper-wrapper\">\n            <div class=\"swiper-slide\">\n        <article class=\"article-card cut-border\">\n          <div class=\"article-media\">\n                        <div class=\"article-image\">\n              <figure>\n                <img loading=\"lazy\" decoding=\"async\" width=\"768\" height=\"513\" src=\"https:\/\/www.xefi.fr\/wp-content\/uploads\/sites\/2\/2026\/09\/check-list-de-rentree-informatique-it_XEFI-Partenaire-informatique-des-TPE-PME.webp\" class=\"attachment-medium_large size-medium_large wp-post-image wp-post-image\" alt=\"\" srcset=\"https:\/\/www.xefi.fr\/wp-content\/uploads\/sites\/2\/2026\/09\/check-list-de-rentree-informatique-it_XEFI-Partenaire-informatique-des-TPE-PME-768x513.webp 768w, https:\/\/www.xefi.fr\/wp-content\/uploads\/sites\/2\/2026\/09\/check-list-de-rentree-informatique-it_XEFI-Partenaire-informatique-des-TPE-PME-300x200.webp 300w, https:\/\/www.xefi.fr\/wp-content\/uploads\/sites\/2\/2026\/09\/check-list-de-rentree-informatique-it_XEFI-Partenaire-informatique-des-TPE-PME-1024x684.webp 1024w, https:\/\/www.xefi.fr\/wp-content\/uploads\/sites\/2\/2026\/09\/check-list-de-rentree-informatique-it_XEFI-Partenaire-informatique-des-TPE-PME-1536x1026.webp 1536w, https:\/\/www.xefi.fr\/wp-content\/uploads\/sites\/2\/2026\/09\/check-list-de-rentree-informatique-it_XEFI-Partenaire-informatique-des-TPE-PME.webp 1920w\" sizes=\"auto, (max-width: 768px) 100vw, 768px\" \/>              <\/figure>\n            <\/div>\n                      <\/div>\n\n          <div class=\"article-content\">\n            <p class=\"article-meta\">\n                            <span class=\"article-category\">\n                Cloud              <\/span>\n                          <\/p>\n\n            \n            <h3 class=\"article-title\">\n              <a href=\"https:\/\/www.xefi.ch\/fr\/check-list-de-rentree-informatique-it-pour-les-pme\/\">Check-list de rentr\u00e9e informatique (IT) pour les PME et TPE : Le guide de reprise sans bug<\/a>\n            <\/h3>\n\n            <p class=\"article-excerpt\">\n              En r\u00e9sum\u00e9 La rentr\u00e9e casse l&#8217;informatique des PME pour une raison m\u00e9canique : plusieurs semaines d&#8217;arr\u00eat, puis un rallumage simultan\u00e9. La panne se d\u00e9clare au red\u00e9marrage, pas pendant la fermeture. Dans 8 TPE\/PME sur 10, c&#8217;est le dirigeant qui porte la fonction informatique en plus de son m\u00e9tier (Sondage OpinionWay pour Cybermalveillance.gouv.fr, 2025). D&#8217;o\u00f9 l&#8217;int\u00e9r\u00eat&#8230;            <\/p>\n            <a class=\"article-btn\" aria-label=\"Check-list de rentr\u00e9e informatique (IT) pour les PME et TPE : Le guide de reprise sans bug\" href=\"https:\/\/www.xefi.ch\/fr\/check-list-de-rentree-informatique-it-pour-les-pme\/\">\n              Voir plus            <\/a>\n          <\/div>\n        <\/article>\n      <\/div>\n            <div class=\"swiper-slide\">\n        <article class=\"article-card cut-border\">\n          <div class=\"article-media\">\n                        <div class=\"article-video\">\n              <iframe loading=\"lazy\" title=\"Notre expert IT, Pierre nous parle des solutions en \u00e9quipement informatique de XEFI\" width=\"500\" height=\"281\" src=\"https:\/\/www.youtube.com\/embed\/qTK6yxPdNfg?feature=oembed\" frameborder=\"0\" allow=\"accelerometer; autoplay; clipboard-write; encrypted-media; gyroscope; picture-in-picture; web-share\" referrerpolicy=\"strict-origin-when-cross-origin\" allowfullscreen><\/iframe>            <\/div>\n                      <\/div>\n\n          <div class=\"article-content\">\n            <p class=\"article-meta\">\n                            <span class=\"article-category\">\n                \u00c9quipement              <\/span>\n                          <\/p>\n\n                        <p class=\"article-tags\">\n                            <span class=\"article-tag\">\n                hp              <\/span>\n                            <span class=\"article-tag\">\n                pc              <\/span>\n                            <span class=\"article-tag\">\n                peripherique informatique              <\/span>\n                          <\/p>\n            \n            <h3 class=\"article-title\">\n              <a href=\"https:\/\/www.xefi.ch\/fr\/notre-expert-it-pierre-nous-parle-de-nos-solutions-en-equipement-informatique\/\">Notre expert IT, Pierre nous parle de nos solutions en \u00e9quipement<\/a>\n            <\/h3>\n\n            <p class=\"article-excerpt\">\n              En moins de 2 minutes, d\u00e9couvrez en vid\u00e9o, le t\u00e9moignage de notre expert IT sur les solutions \u00e9quipement informatique propos\u00e9es aux TPE et PME ! Pourquoi une TPE\/PME doit-elle \u00eatre bien \u00e9quip\u00e9e en mat\u00e9riel informatique ? Concr\u00e8tement, quel mat\u00e9riel propose XEFI ? Pourquoi faire appel \u00e0 XEFI ?            <\/p>\n            <a class=\"article-btn\" aria-label=\"Notre expert IT, Pierre nous parle de nos solutions en \u00e9quipement\" href=\"https:\/\/www.xefi.ch\/fr\/notre-expert-it-pierre-nous-parle-de-nos-solutions-en-equipement-informatique\/\">\n              Voir plus            <\/a>\n          <\/div>\n        <\/article>\n      <\/div>\n          <\/div>\n\n        <div class=\"swiper-pagination\"><\/div>\n      <\/div>\n    <div class=\"swiper-button-next\" data-nav-next=\"articles-carousel-4\"><\/div>\n  <div class=\"swiper-button-prev\" data-nav-prev=\"articles-carousel-4\"><\/div>\n  <\/div>\n\n\n\n\n<div class=\"wp-block-buttons is-content-justification-center is-layout-flex wp-container-core-buttons-is-layout-46a81f07 wp-block-buttons-is-layout-flex\" style=\"margin-top:var(--wp--preset--spacing--80)\">\n<div class=\"wp-block-button\"><a class=\"wp-block-button__link has-background-color has-dark-background-color has-text-color has-background has-link-color has-text-align-left wp-element-button\" href=\"https:\/\/www.xefi.ch\/fr\/decouvrir-xefi\/a-propos-de-nous\/conseils-d-experts-et-actualites\/\">Voir tous nos conseils d&#8217;experts<\/a><\/div>\n<\/div>\n<\/div>\n\n\n\n<div class=\"wp-block-group alignfull has-background-color has-dark-background-color has-text-color has-background has-link-color wp-elements-8dd72ae673b482423c589a97c0a94bd5 is-layout-constrained wp-container-core-group-is-layout-656a57f4 wp-block-group-is-layout-constrained\" style=\"padding-top:var(--wp--preset--spacing--80);padding-right:var(--wp--preset--spacing--50);padding-bottom:var(--wp--preset--spacing--80);padding-left:var(--wp--preset--spacing--50)\">\n<div class=\"wp-block-columns is-layout-flex wp-container-core-columns-is-layout-14cf5ab5 wp-block-columns-is-layout-flex\">\n<div class=\"wp-block-column is-layout-flow wp-block-column-is-layout-flow\">\n<figure class=\"wp-block-image size-full cut-border\"><img loading=\"lazy\" decoding=\"async\" width=\"1920\" height=\"1280\" src=\"https:\/\/www.xefi.fr\/wp-content\/uploads\/sites\/2\/2025\/05\/expertise-xefi-pour-tpe-pme-bd.jpg\" alt=\"\" class=\"wp-image-10628\" style=\"aspect-ratio:16\/9;object-fit:cover\" srcset=\"https:\/\/www.xefi.ch\/wp-content\/uploads\/sites\/7\/2025\/05\/expertise-xefi-pour-tpe-pme-bd.jpg 1920w, https:\/\/www.xefi.ch\/wp-content\/uploads\/sites\/7\/2025\/05\/expertise-xefi-pour-tpe-pme-bd-300x200.jpg 300w, https:\/\/www.xefi.ch\/wp-content\/uploads\/sites\/7\/2025\/05\/expertise-xefi-pour-tpe-pme-bd-1024x683.jpg 1024w, https:\/\/www.xefi.ch\/wp-content\/uploads\/sites\/7\/2025\/05\/expertise-xefi-pour-tpe-pme-bd-768x512.jpg 768w, https:\/\/www.xefi.ch\/wp-content\/uploads\/sites\/7\/2025\/05\/expertise-xefi-pour-tpe-pme-bd-1536x1024.jpg 1536w\" sizes=\"auto, (max-width: 1920px) 100vw, 1920px\" \/><\/figure>\n<\/div>\n\n\n\n<div class=\"wp-block-column is-layout-flow wp-block-column-is-layout-flow\" style=\"padding-top:var(--wp--preset--spacing--60);padding-right:var(--wp--preset--spacing--50);padding-bottom:var(--wp--preset--spacing--60);padding-left:var(--wp--preset--spacing--50)\">\n<h3 class=\"wp-block-heading\" style=\"margin-bottom:var(--wp--preset--spacing--60)\">L\u2019EXPERTISE XEFI POUR LES TPE\/PME<\/h3>\n\n\n\n<ul class=\"wp-block-list\">\n<li><strong>Une approche cl\u00e9 en main, de l&#8217;installation au suivi<\/strong><\/li>\n\n\n\n<li><strong>Assistance t\u00e9l\u00e9phonique rapide<\/strong><\/li>\n\n\n\n<li><strong>Intervention sur site entre 4h et 36h<\/strong><\/li>\n\n\n\n<li><strong>28 ans d\u2019expertise m\u00e9tier<\/strong><\/li>\n<\/ul>\n<\/div>\n<\/div>\n<\/div>\n\n\n\n<div style=\"height:100px\" aria-hidden=\"true\" class=\"wp-block-spacer\"><\/div>\n\n\n\n<div class=\"wp-block-group alignfull is-layout-constrained wp-container-core-group-is-layout-11c1ca01 wp-block-group-is-layout-constrained has-background\" style=\"padding-right:var(--wp--preset--spacing--50);padding-left:var(--wp--preset--spacing--50);background-image:url(&#039;https:\/\/www.xefi.fr\/wp-content\/uploads\/sites\/2\/2025\/06\/image_metier_equipements_bandeau_livreblanc-scaled.jpg&#039;);background-position:50% 50%;background-size:cover;background-attachment:scroll;\">\n<div class=\"wp-block-columns is-layout-flex wp-container-core-columns-is-layout-28f84493 wp-block-columns-is-layout-flex\">\n<div class=\"wp-block-column is-layout-flow wp-block-column-is-layout-flow\" style=\"padding-top:var(--wp--preset--spacing--50);padding-bottom:var(--wp--preset--spacing--50);flex-basis:33.33%\">\n<h3 class=\"wp-block-heading has-background-color has-text-color has-link-color wp-elements-88fbb3c1169910b41c48b8b615c89236\" style=\"text-transform:uppercase\">PASSEZ \u00c0 L&#8217;\u00c9QUIPEMENT NOUVELLE G\u00c9N\u00c9RATION AVEC XEFI<\/h3>\n\n\n\n<div class=\"wp-block-buttons is-layout-flex wp-block-buttons-is-layout-flex\">\n<div class=\"wp-block-button\"><a class=\"wp-block-button__link has-background-background-color has-background wp-element-button\" href=\"#contact-store\">nous contacter<\/a><\/div>\n<\/div>\n<\/div>\n\n\n\n<div class=\"wp-block-column is-layout-flow wp-block-column-is-layout-flow\" style=\"flex-basis:66.66%\"><\/div>\n<\/div>\n<\/div>\n\n\n\n<div class=\"wp-block-group alignfull is-layout-constrained wp-container-core-group-is-layout-a47e864c wp-block-group-is-layout-constrained\" style=\"padding-top:var(--wp--preset--spacing--80);padding-right:var(--wp--preset--spacing--50);padding-bottom:var(--wp--preset--spacing--80);padding-left:var(--wp--preset--spacing--50)\">\n<h2 class=\"wp-block-heading has-text-align-center\" style=\"margin-bottom:var(--wp--preset--spacing--80)\">Foire aux <mark class=\"has-inline-color has-primary-color\">questions<\/mark><\/h2>\n\n\n\n<div class=\"wp-block-columns is-layout-flex wp-container-core-columns-is-layout-14cf5ab5 wp-block-columns-is-layout-flex\">\n<div class=\"wp-block-column is-layout-flow wp-container-core-column-is-layout-15ea44a4 wp-block-column-is-layout-flow\" style=\"flex-basis:60%\"><script type=\"application\/ld+json\">{\"@context\":\"https:\/\/schema.org\",\"@type\":\"FAQPage\",\"mainEntity\":[{\"@type\":\"Question\",\"name\":\"Quels sont les avantages du financement en location \u00e9volutive par rapport \u00e0 l\u2019achat ?\",\"acceptedAnswer\":{\"@type\":\"Answer\",\"text\":\"Le financement en location \u00e9volutive vous permet d\u2019acc\u00e9der \u00e0 du mat\u00e9riel performant sans impact imm\u00e9diat sur votre tr\u00e9sorerie. De plus, vous pouvez renouveler vos \u00e9quipements plus facilement et \u00e9viter l\u2019obsolescence.\"}},{\"@type\":\"Question\",\"name\":\"Comment puis-je souscrire \u00e0 une offre de location financi\u00e8re \u00e9volutive XEFI ?\",\"acceptedAnswer\":{\"@type\":\"Answer\",\"text\":\"C\u2019est simple ! Contactez-nous pour un diagnostic de vos besoins et nous vous proposerons la solution de financement la plus adapt\u00e9e.\"}},{\"@type\":\"Question\",\"name\":\"Comment mon agence XEFI m\u2019accompagne-t-elle dans le choix de mon \u00e9quipement informatique\u202f?\",\"acceptedAnswer\":{\"@type\":\"Answer\",\"text\":\"XEFI vous propose du mat\u00e9riel fiable et adapt\u00e9 \u00e0 votre activit\u00e9, avec un accompagnement complet : conseil, installation et maintenance.\"}}]}<\/script>\t\t<div class=\"manitoba-faq-entries wp-block-manitoba-faq-faq-entries\" data-accordion-role=\"group\"\n\t\t\tdata-accordion-behavior=\"single\">\n\t\t\t\t\t\t\t<div class=\"manitoba-faq-item manitoba-faq-item--featured\" data-accordion-role=\"item\">\n\t\t\t\t\t<p class=\"manitoba-faq-question\">\n\t\t\t\t\t\t<button type=\"button\" id=\"faq-question-7000\" class=\"manitoba-faq-question-trigger\"\n\t\t\t\t\t\t\taria-expanded=\"false\" aria-controls=\"faq-answer-7000\">\n\t\t\t\t\t\t\t<span class=\"manitoba-faq-question-trigger-label\">Quels sont les avantages du financement en location \u00e9volutive par rapport \u00e0 l\u2019achat ?<\/span>\n\t\t\t\t\t\t<\/button>\n\t\t\t\t\t<\/p>\n\t\t\t\t\t<div class=\"manitoba-faq-answer\" id=\"faq-answer-7000\"\n\t\t\t\t\t\taria-labelledby=\"faq-question-7000\" hidden>\n\t\t\t\t\t\t\n<p>Le financement en location \u00e9volutive vous permet d\u2019acc\u00e9der \u00e0 du mat\u00e9riel performant sans impact imm\u00e9diat sur votre tr\u00e9sorerie. De plus, vous pouvez renouveler vos \u00e9quipements plus facilement et \u00e9viter l&#8217;obsolescence.<\/p>\n\n\n\n<p><\/p>\n\n\t\t\t\t\t\t\t\t\t\t\t<\/div>\n\t\t\t\t<\/div>\n\t\t\t\t\t\t\t<div class=\"manitoba-faq-item manitoba-faq-item--featured\" data-accordion-role=\"item\">\n\t\t\t\t\t<p class=\"manitoba-faq-question\">\n\t\t\t\t\t\t<button type=\"button\" id=\"faq-question-7002\" class=\"manitoba-faq-question-trigger\"\n\t\t\t\t\t\t\taria-expanded=\"false\" aria-controls=\"faq-answer-7002\">\n\t\t\t\t\t\t\t<span class=\"manitoba-faq-question-trigger-label\">Comment puis-je souscrire \u00e0 une offre de location financi\u00e8re \u00e9volutive XEFI ?<\/span>\n\t\t\t\t\t\t<\/button>\n\t\t\t\t\t<\/p>\n\t\t\t\t\t<div class=\"manitoba-faq-answer\" id=\"faq-answer-7002\"\n\t\t\t\t\t\taria-labelledby=\"faq-question-7002\" hidden>\n\t\t\t\t\t\t\n<p>C\u2019est simple ! Contactez-nous pour un diagnostic de vos besoins et nous vous proposerons la solution de financement la plus adapt\u00e9e.<\/p>\n\n\n\n<p><\/p>\n\n\t\t\t\t\t\t\t\t\t\t\t<\/div>\n\t\t\t\t<\/div>\n\t\t\t\t\t\t\t<div class=\"manitoba-faq-item manitoba-faq-item--featured\" data-accordion-role=\"item\">\n\t\t\t\t\t<p class=\"manitoba-faq-question\">\n\t\t\t\t\t\t<button type=\"button\" id=\"faq-question-7004\" class=\"manitoba-faq-question-trigger\"\n\t\t\t\t\t\t\taria-expanded=\"false\" aria-controls=\"faq-answer-7004\">\n\t\t\t\t\t\t\t<span class=\"manitoba-faq-question-trigger-label\">Comment mon agence XEFI m\u2019accompagne-t-elle dans le choix de mon \u00e9quipement informatique\u202f?<\/span>\n\t\t\t\t\t\t<\/button>\n\t\t\t\t\t<\/p>\n\t\t\t\t\t<div class=\"manitoba-faq-answer\" id=\"faq-answer-7004\"\n\t\t\t\t\t\taria-labelledby=\"faq-question-7004\" hidden>\n\t\t\t\t\t\t\n<p>XEFI vous propose du mat\u00e9riel fiable et adapt\u00e9 \u00e0 votre activit\u00e9, avec un accompagnement complet : conseil, installation et maintenance.<\/p>\n\n\n\n<p><\/p>\n\n\t\t\t\t\t\t\t\t\t\t\t<\/div>\n\t\t\t\t<\/div>\n\t\t\t\t\t<\/div>\n<\/div>\n\n\n\n<div class=\"wp-block-column cut-border is-layout-flow wp-block-column-is-layout-flow\" style=\"padding-top:var(--wp--preset--spacing--20);padding-right:var(--wp--preset--spacing--20);padding-bottom:var(--wp--preset--spacing--20);padding-left:var(--wp--preset--spacing--20);flex-basis:40%\">\n<div class=\"wp-block-group cut-border has-light-background-color has-background is-layout-constrained wp-container-core-group-is-layout-db32e940 wp-block-group-is-layout-constrained\" style=\"padding-top:var(--wp--preset--spacing--60);padding-right:var(--wp--preset--spacing--60);padding-bottom:var(--wp--preset--spacing--60);padding-left:var(--wp--preset--spacing--60)\">\n<figure class=\"wp-block-image aligncenter size-full\" style=\"margin-bottom:var(--wp--preset--spacing--50)\"><img decoding=\"async\" src=\"https:\/\/www.xefi.fr\/wp-content\/uploads\/sites\/2\/2025\/05\/icon_faq_bubbles.svg\" alt=\"\" class=\"wp-image-348\"\/><\/figure>\n\n\n\n<div class=\"wp-block-buttons is-content-justification-center is-layout-flex wp-container-core-buttons-is-layout-a89b3969 wp-block-buttons-is-layout-flex\">\n<div class=\"wp-block-button\"><a class=\"wp-block-button__link has-background-color has-dark-background-color has-text-color has-background has-link-color wp-element-button\" href=\"https:\/\/www.xefi.ch\/fr\/foire-aux-questions\/\">Voir la faq<\/a><\/div>\n<\/div>\n<\/div>\n<\/div>\n<\/div>\n<\/div>\n","protected":false},"excerpt":{"rendered":"<p>des pannes informatiques sont li\u00e9es \u00e0 du mat\u00e9riel obsol\u00e8te Source : Gartner par jour perdues \u00e0 cause d\u2019un \u00e9quipement informatique inadapt\u00e9 Source : \u00c9tude Sharp\/IPSOS, 2020 des employ\u00e9s affirment que disposer d\u2019un mat\u00e9riel performant am\u00e9liore leur motivation Source : \u00c9tude Symantec Des outils performants pour une entreprise plus efficace BESOIN D&#8217;UN NOUVEL \u00c9QUIPEMENT SANS ALOURDIR [&hellip;]<\/p>\n","protected":false},"author":1,"featured_media":10876,"parent":0,"menu_order":6,"comment_status":"closed","ping_status":"closed","template":"page-metier","meta":{"_acf_changed":false,"footnotes":""},"class_list":["post-40","page","type-page","status-publish","has-post-thumbnail","hentry","page_location-menu-mobile","page_location-menu-principal","page_location-nos-solutions"],"acf":[],"_links":{"self":[{"href":"https:\/\/www.xefi.ch\/fr\/wp-json\/wp\/v2\/pages\/40","targetHints":{"allow":["GET"]}}],"collection":[{"href":"https:\/\/www.xefi.ch\/fr\/wp-json\/wp\/v2\/pages"}],"about":[{"href":"https:\/\/www.xefi.ch\/fr\/wp-json\/wp\/v2\/types\/page"}],"author":[{"embeddable":true,"href":"https:\/\/www.xefi.ch\/fr\/wp-json\/wp\/v2\/users\/1"}],"replies":[{"embeddable":true,"href":"https:\/\/www.xefi.ch\/fr\/wp-json\/wp\/v2\/comments?post=40"}],"version-history":[{"count":8,"href":"https:\/\/www.xefi.ch\/fr\/wp-json\/wp\/v2\/pages\/40\/revisions"}],"predecessor-version":[{"id":14229,"href":"https:\/\/www.xefi.ch\/fr\/wp-json\/wp\/v2\/pages\/40\/revisions\/14229"}],"wp:featuredmedia":[{"embeddable":true,"href":"https:\/\/www.xefi.ch\/fr\/wp-json\/wp\/v2\/media\/10876"}],"wp:attachment":[{"href":"https:\/\/www.xefi.ch\/fr\/wp-json\/wp\/v2\/media?parent=40"}],"curies":[{"name":"wp","href":"https:\/\/api.w.org\/{rel}","templated":true}]}}