{"id":61,"date":"2025-05-05T10:06:21","date_gmt":"2025-05-05T08:06:21","guid":{"rendered":"https:\/\/www.xefi.fr\/?page_id=61"},"modified":"2026-01-13T15:13:09","modified_gmt":"2026-01-13T14:13:09","slug":"maintenance","status":"publish","type":"page","link":"https:\/\/www.xefi.ch\/fr\/maintenance\/","title":{"rendered":"Maintenance"},"content":{"rendered":"\n<div class=\"wp-block-group is-layout-constrained wp-container-core-group-is-layout-a47e864c wp-block-group-is-layout-constrained\" style=\"padding-top:var(--wp--preset--spacing--80);padding-right:var(--wp--preset--spacing--50);padding-bottom:var(--wp--preset--spacing--80);padding-left:var(--wp--preset--spacing--50)\">\n<div class=\"wp-block-columns is-layout-flex wp-container-core-columns-is-layout-7ee84d44 wp-block-columns-is-layout-flex\">\n<div class=\"wp-block-column is-layout-flow wp-container-core-column-is-layout-8a368f38 wp-block-column-is-layout-flow\"><div class=\"manitoba-chiffres-cle animated wp-block-manitoba-chiffres-chiffres-cle\" id=\"chiffre-1\">\n  <div class=\"manitoba-chiffres-number-wrapper\">\n    <p class=\"manitoba-chiffres-number-value\" data-number=\"80\"\n      data-animated=\"true\" style=\"\">\n      0    <\/p>\n        <p class=\"manitoba-chiffres-number-unit\" style=\"\">%<\/p>\n      <\/div>\n<\/div>\n\n\n\n\n<p class=\"has-text-align-center\" style=\"margin-bottom:var(--wp--preset--spacing--20)\">des pannes informatiques sont li\u00e9es \u00e0 un manque d\u2019entretien ou \u00e0 une mauvaise configuration<\/p>\n\n\n\n<p class=\"has-text-align-center has-grey-color has-text-color has-link-color has-custom-small-font-size wp-elements-537983e7700a518805ce02c5673a8153\">Source : Techaisle \/ \u00e9tudes sectorielles<\/p>\n<\/div>\n\n\n\n<div class=\"wp-block-column is-layout-flow wp-block-column-is-layout-flow\"><div class=\"manitoba-chiffres-cle animated wp-block-manitoba-chiffres-chiffres-cle\" id=\"chiffre-2\">\n  <div class=\"manitoba-chiffres-number-wrapper\">\n    <p class=\"manitoba-chiffres-number-value\" data-number=\"9,24\"\n      data-animated=\"true\" style=\"\">\n      0    <\/p>\n        <p class=\"manitoba-chiffres-number-unit\" style=\"\">kCHF<\/p>\n      <\/div>\n<\/div>\n\n\n\n\n<p class=\"has-text-align-center\" style=\"margin-bottom:var(--wp--preset--spacing--20)\">estimation du co\u00fbt d\u20191h d\u2019arr\u00eat informatique pour une PME<\/p>\n\n\n\n<p class=\"has-text-align-center has-grey-color has-text-color has-link-color has-custom-small-font-size wp-elements-0f52c2a549cb23c8be2d0a9b400a63c4\">Source : Syntec Num\u00e9rique, Cigref, IDC<\/p>\n<\/div>\n\n\n\n<div class=\"wp-block-column is-layout-flow wp-block-column-is-layout-flow\"><div class=\"manitoba-chiffres-cle animated wp-block-manitoba-chiffres-chiffres-cle\" id=\"chiffre-3\">\n  <div class=\"manitoba-chiffres-number-wrapper\">\n    <p class=\"manitoba-chiffres-number-value\" data-number=\"40\"\n      data-animated=\"true\" style=\"\">\n      0    <\/p>\n        <p class=\"manitoba-chiffres-number-unit\" style=\"\">%<\/p>\n      <\/div>\n<\/div>\n\n\n\n\n<p class=\"has-text-align-center\" style=\"margin-bottom:var(--wp--preset--spacing--20)\">de co\u00fbts li\u00e9s aux pannes peuvent \u00eatre \u00e9vit\u00e9s gr\u00e2ce \u00e0 une maintenance r\u00e9guli\u00e8re<\/p>\n\n\n\n<p class=\"has-text-align-center has-grey-color has-text-color has-link-color has-custom-small-font-size wp-elements-6c24770b3ac0dddf7b4d12c8efa34620\">Source : IDC \/ Syntec Num\u00e9rique<\/p>\n<\/div>\n<\/div>\n<\/div>\n\n\n\n<div class=\"wp-block-group alignfull has-background-color has-dark-background-color has-text-color has-background has-link-color wp-elements-78cd716159e3e533c4088e0c6719c93e is-layout-constrained wp-container-core-group-is-layout-11c1ca01 wp-block-group-is-layout-constrained\" style=\"padding-right:var(--wp--preset--spacing--50);padding-left:var(--wp--preset--spacing--50)\">\n<div class=\"wp-block-columns alignfull is-layout-flex wp-container-core-columns-is-layout-14cf5ab5 wp-block-columns-is-layout-flex\">\n<div class=\"wp-block-column is-layout-flow wp-block-column-is-layout-flow\">\n<figure class=\"wp-block-image size-full cut-border\"><img loading=\"lazy\" decoding=\"async\" width=\"1920\" height=\"1280\" src=\"https:\/\/www.xefi.fr\/wp-content\/uploads\/sites\/2\/2025\/07\/maintenance-infogerance-xefi-partenaire-informatique-des-tpe-pme-bd.jpg\" alt=\"maintenance-infogerance-xefi-partenaire-informatique-des-tpe-pme\" class=\"wp-image-10019\" style=\"aspect-ratio:2\/1;object-fit:cover\" srcset=\"https:\/\/www.xefi.ch\/wp-content\/uploads\/sites\/7\/2025\/07\/maintenance-infogerance-xefi-partenaire-informatique-des-tpe-pme-bd.jpg 1920w, https:\/\/www.xefi.ch\/wp-content\/uploads\/sites\/7\/2025\/07\/maintenance-infogerance-xefi-partenaire-informatique-des-tpe-pme-bd-300x200.jpg 300w, https:\/\/www.xefi.ch\/wp-content\/uploads\/sites\/7\/2025\/07\/maintenance-infogerance-xefi-partenaire-informatique-des-tpe-pme-bd-1024x683.jpg 1024w, https:\/\/www.xefi.ch\/wp-content\/uploads\/sites\/7\/2025\/07\/maintenance-infogerance-xefi-partenaire-informatique-des-tpe-pme-bd-768x512.jpg 768w, https:\/\/www.xefi.ch\/wp-content\/uploads\/sites\/7\/2025\/07\/maintenance-infogerance-xefi-partenaire-informatique-des-tpe-pme-bd-1536x1024.jpg 1536w\" sizes=\"auto, (max-width: 1920px) 100vw, 1920px\" \/><\/figure>\n<\/div>\n\n\n\n<div class=\"wp-block-column is-layout-flow wp-block-column-is-layout-flow\" style=\"padding-top:var(--wp--preset--spacing--60);padding-right:var(--wp--preset--spacing--80);padding-bottom:var(--wp--preset--spacing--50);padding-left:var(--wp--preset--spacing--50)\">\n<h3 class=\"wp-block-heading\"><strong>UNE MAINTENANCE COMPLETE DE VOTRE PARC INFORMATIQUE<\/strong><\/h3>\n\n\n\n<p><strong>Nous nous engageons \u00e0 maintenir votre parc informatique en parfait \u00e9tat de fonctionnement, quel que soit votre mat\u00e9riel, avec une prise en charge compl\u00e8te : pi\u00e8ces, main-d\u2019\u0153uvre et d\u00e9placement inclus.<\/strong><\/p>\n\n\n\n<ul class=\"wp-block-list\">\n<li>Prise en charge t\u00e9l\u00e9phonique rapide par un technicien conseil certifi\u00e9<\/li>\n\n\n\n<li>D\u00e9pannage \u00e0 distance avec le service t\u00e9l\u00e9maintenance<\/li>\n\n\n\n<li>Intervention sur site en cas de panne majeure (entre 4h et 36h selon la s\u00e9v\u00e9rit\u00e9 du probl\u00e8me)<\/li>\n<\/ul>\n<\/div>\n<\/div>\n<\/div>\n\n\n\n<div class=\"wp-block-group alignfull has-grey-2-background-color has-background is-layout-constrained wp-container-core-group-is-layout-a47e864c wp-block-group-is-layout-constrained\" style=\"padding-top:var(--wp--preset--spacing--80);padding-right:var(--wp--preset--spacing--50);padding-bottom:var(--wp--preset--spacing--80);padding-left:var(--wp--preset--spacing--50)\">\n<h2 class=\"wp-block-heading has-text-align-center\" style=\"margin-bottom:var(--wp--preset--spacing--80)\">CE QUE COMPREND <mark class=\"has-inline-color has-primary-color\">LE CONTRAT DE MAINTENANCE XEFI<\/mark><\/h2>\n\n\n\n<div class=\"wp-block-group cut-border has-background-background-color has-background is-layout-constrained wp-container-core-group-is-layout-e04e6721 wp-block-group-is-layout-constrained\" style=\"margin-bottom:var(--wp--preset--spacing--70);padding-right:0;padding-left:0\">\n<div class=\"wp-block-columns are-vertically-aligned-top is-layout-flex wp-container-core-columns-is-layout-e3273b51 wp-block-columns-is-layout-flex\" style=\"margin-bottom:0;padding-top:var(--wp--preset--spacing--70);padding-right:var(--wp--preset--spacing--70);padding-bottom:var(--wp--preset--spacing--70);padding-left:var(--wp--preset--spacing--70)\">\n<div class=\"wp-block-column is-vertically-aligned-top is-layout-flow wp-block-column-is-layout-flow\">\n<figure class=\"wp-block-image size-full cut-border\"><img loading=\"lazy\" decoding=\"async\" width=\"1920\" height=\"1139\" src=\"https:\/\/www.xefi.fr\/wp-content\/uploads\/sites\/2\/2025\/07\/maintenance-et-supervision-xefi-partenaire-informatique-des-tpe-pme.png\" alt=\"\" class=\"wp-image-10620\" style=\"aspect-ratio:21\/9;object-fit:cover\" srcset=\"https:\/\/www.xefi.ch\/wp-content\/uploads\/sites\/7\/2025\/07\/maintenance-et-supervision-xefi-partenaire-informatique-des-tpe-pme.png 1920w, https:\/\/www.xefi.ch\/wp-content\/uploads\/sites\/7\/2025\/07\/maintenance-et-supervision-xefi-partenaire-informatique-des-tpe-pme-300x178.png 300w, https:\/\/www.xefi.ch\/wp-content\/uploads\/sites\/7\/2025\/07\/maintenance-et-supervision-xefi-partenaire-informatique-des-tpe-pme-1024x607.png 1024w, https:\/\/www.xefi.ch\/wp-content\/uploads\/sites\/7\/2025\/07\/maintenance-et-supervision-xefi-partenaire-informatique-des-tpe-pme-768x456.png 768w, https:\/\/www.xefi.ch\/wp-content\/uploads\/sites\/7\/2025\/07\/maintenance-et-supervision-xefi-partenaire-informatique-des-tpe-pme-1536x911.png 1536w\" sizes=\"auto, (max-width: 1920px) 100vw, 1920px\" \/><\/figure>\n<\/div>\n\n\n\n<div class=\"wp-block-column is-vertically-aligned-top is-layout-flow wp-block-column-is-layout-flow\" style=\"padding-right:0;padding-left:0\">\n<h3 class=\"wp-block-heading\" style=\"margin-bottom:var(--wp--preset--spacing--60)\">MAINTENANCE ET SUPERVISION<\/h3>\n\n\n\n<ul class=\"wp-block-list\">\n<li>Supervision proactive pour d\u00e9tecter et r\u00e9soudre les incidents avant qu\u2019ils ne deviennent critiques<\/li>\n\n\n\n<li>Maintenance pr\u00e9ventive avec mises \u00e0 jour des syst\u00e8mes et optimisation des performances<\/li>\n\n\n\n<li>Conseils et pr\u00e9conisations pour am\u00e9liorer votre infrastructure<\/li>\n<\/ul>\n<\/div>\n<\/div>\n<\/div>\n\n\n\n<div class=\"wp-block-group cut-border has-background-background-color has-background is-layout-constrained wp-container-core-group-is-layout-e04e6721 wp-block-group-is-layout-constrained\" style=\"margin-bottom:var(--wp--preset--spacing--70);padding-right:0;padding-left:0\">\n<div class=\"wp-block-columns is-layout-flex wp-container-core-columns-is-layout-e3273b51 wp-block-columns-is-layout-flex\" style=\"margin-bottom:0;padding-top:var(--wp--preset--spacing--70);padding-right:var(--wp--preset--spacing--70);padding-bottom:var(--wp--preset--spacing--70);padding-left:var(--wp--preset--spacing--70)\">\n<div class=\"wp-block-column is-layout-flow wp-block-column-is-layout-flow\" style=\"padding-right:0;padding-left:0\">\n<h3 class=\"wp-block-heading\" style=\"margin-bottom:var(--wp--preset--spacing--60)\">ASSISTANCE TECHNIQUE ET D\u00c9PANNAGE<\/h3>\n\n\n\n<ul class=\"wp-block-list\">\n<li>Assistance t\u00e9l\u00e9phonique illimit\u00e9e<\/li>\n\n\n\n<li>Diagnostic imm\u00e9diat avec prise en main \u00e0 distance<\/li>\n\n\n\n<li>Intervention sur site si n\u00e9cessaire, sans limite de temps<\/li>\n<\/ul>\n<\/div>\n\n\n\n<div class=\"wp-block-column is-layout-flow wp-block-column-is-layout-flow\">\n<figure class=\"wp-block-image size-full cut-border\"><img loading=\"lazy\" decoding=\"async\" width=\"2560\" height=\"1584\" src=\"https:\/\/www.xefi.fr\/wp-content\/uploads\/sites\/2\/2025\/07\/assistance-technique-et-depannage-xefi-partenaire-informatique-tpe-pme-scaled.jpg\" alt=\"\" class=\"wp-image-10624\" style=\"aspect-ratio:21\/9;object-fit:cover\" srcset=\"https:\/\/www.xefi.ch\/wp-content\/uploads\/sites\/7\/2025\/07\/assistance-technique-et-depannage-xefi-partenaire-informatique-tpe-pme-scaled.jpg 2560w, https:\/\/www.xefi.ch\/wp-content\/uploads\/sites\/7\/2025\/07\/assistance-technique-et-depannage-xefi-partenaire-informatique-tpe-pme-300x186.jpg 300w, https:\/\/www.xefi.ch\/wp-content\/uploads\/sites\/7\/2025\/07\/assistance-technique-et-depannage-xefi-partenaire-informatique-tpe-pme-1024x633.jpg 1024w, https:\/\/www.xefi.ch\/wp-content\/uploads\/sites\/7\/2025\/07\/assistance-technique-et-depannage-xefi-partenaire-informatique-tpe-pme-768x475.jpg 768w, https:\/\/www.xefi.ch\/wp-content\/uploads\/sites\/7\/2025\/07\/assistance-technique-et-depannage-xefi-partenaire-informatique-tpe-pme-1536x950.jpg 1536w, https:\/\/www.xefi.ch\/wp-content\/uploads\/sites\/7\/2025\/07\/assistance-technique-et-depannage-xefi-partenaire-informatique-tpe-pme-2048x1267.jpg 2048w\" sizes=\"auto, (max-width: 2560px) 100vw, 2560px\" \/><\/figure>\n<\/div>\n<\/div>\n<\/div>\n\n\n\n<div class=\"wp-block-group cut-border has-background-background-color has-background is-layout-constrained wp-container-core-group-is-layout-e04e6721 wp-block-group-is-layout-constrained\" style=\"margin-bottom:var(--wp--preset--spacing--70);padding-right:0;padding-left:0\">\n<div class=\"wp-block-columns is-layout-flex wp-container-core-columns-is-layout-e3273b51 wp-block-columns-is-layout-flex\" style=\"margin-bottom:0;padding-top:var(--wp--preset--spacing--70);padding-right:var(--wp--preset--spacing--70);padding-bottom:var(--wp--preset--spacing--70);padding-left:var(--wp--preset--spacing--70)\">\n<div class=\"wp-block-column is-layout-flow wp-block-column-is-layout-flow\">\n<figure class=\"wp-block-image size-full cut-border\"><img loading=\"lazy\" decoding=\"async\" width=\"1920\" height=\"1280\" src=\"https:\/\/www.xefi.fr\/wp-content\/uploads\/sites\/2\/2025\/07\/maintenance-preventive-xefi-partenaire-informatique-des-tpe-pme-bd.jpg\" alt=\"maintenance-preventive-xefi-partenaire-informatique-des-tpe-pme\" class=\"wp-image-10026\" style=\"aspect-ratio:21\/9;object-fit:cover\" srcset=\"https:\/\/www.xefi.ch\/wp-content\/uploads\/sites\/7\/2025\/07\/maintenance-preventive-xefi-partenaire-informatique-des-tpe-pme-bd.jpg 1920w, https:\/\/www.xefi.ch\/wp-content\/uploads\/sites\/7\/2025\/07\/maintenance-preventive-xefi-partenaire-informatique-des-tpe-pme-bd-300x200.jpg 300w, https:\/\/www.xefi.ch\/wp-content\/uploads\/sites\/7\/2025\/07\/maintenance-preventive-xefi-partenaire-informatique-des-tpe-pme-bd-1024x683.jpg 1024w, https:\/\/www.xefi.ch\/wp-content\/uploads\/sites\/7\/2025\/07\/maintenance-preventive-xefi-partenaire-informatique-des-tpe-pme-bd-768x512.jpg 768w, https:\/\/www.xefi.ch\/wp-content\/uploads\/sites\/7\/2025\/07\/maintenance-preventive-xefi-partenaire-informatique-des-tpe-pme-bd-1536x1024.jpg 1536w\" sizes=\"auto, (max-width: 1920px) 100vw, 1920px\" \/><\/figure>\n<\/div>\n\n\n\n<div class=\"wp-block-column is-layout-flow wp-block-column-is-layout-flow\" style=\"padding-right:0;padding-left:0\">\n<h3 class=\"wp-block-heading\" style=\"margin-right:0;margin-bottom:var(--wp--preset--spacing--60);margin-left:0\">MAINTENANCE PR\u00c9VENTIVE<\/h3>\n\n\n\n<ul class=\"wp-block-list\">\n<li>Contr\u00f4le des logiciels syst\u00e8mes, de la performance r\u00e9seau et des antivirus<\/li>\n\n\n\n<li>V\u00e9rification r\u00e9guli\u00e8re de l\u2019\u00e9tat des postes et des serveurs<\/li>\n\n\n\n<li>Suivi d&#8217;intervention avec recommandations d\u2019optimisation<\/li>\n<\/ul>\n<\/div>\n<\/div>\n<\/div>\n\n\n\n<div class=\"wp-block-group cut-border has-background-background-color has-background is-layout-constrained wp-container-core-group-is-layout-e04e6721 wp-block-group-is-layout-constrained\" style=\"margin-bottom:var(--wp--preset--spacing--70);padding-right:0;padding-left:0\">\n<div class=\"wp-block-columns is-layout-flex wp-container-core-columns-is-layout-e3273b51 wp-block-columns-is-layout-flex\" style=\"margin-bottom:0;padding-top:var(--wp--preset--spacing--70);padding-right:var(--wp--preset--spacing--70);padding-bottom:var(--wp--preset--spacing--70);padding-left:var(--wp--preset--spacing--70)\">\n<div class=\"wp-block-column is-layout-flow wp-block-column-is-layout-flow\" style=\"padding-right:0;padding-left:0\">\n<h3 class=\"wp-block-heading\" style=\"margin-bottom:var(--wp--preset--spacing--60)\">GAIN DE TEMPS ET D&#8217;EFFICACIT\u00c9<\/h3>\n\n\n\n<ul class=\"wp-block-list\">\n<li>Garantie d&#8217;un fonctionnement op\u00e9rationnel de vos \u00e9quipements<\/li>\n\n\n\n<li>D\u00e9pannages sur site ou \u00e0 distance illimit\u00e9s<\/li>\n\n\n\n<li>Vous pouvez pleinement vous concentrer sur votre c\u0153ur de m\u00e9tier<\/li>\n<\/ul>\n<\/div>\n\n\n\n<div class=\"wp-block-column is-layout-flow wp-block-column-is-layout-flow\">\n<figure class=\"wp-block-image size-full cut-border\"><img loading=\"lazy\" decoding=\"async\" width=\"1920\" height=\"1280\" src=\"https:\/\/www.xefi.fr\/wp-content\/uploads\/sites\/2\/2025\/07\/maintenance-gain-temps-efficacite-xefi-partenaire-informatique-tpe-pme-bd.jpg\" alt=\"maintenance-gain-temps-efficacite-xefi-partenaire-informatique-tpe-pme\" class=\"wp-image-10028\" style=\"aspect-ratio:21\/9;object-fit:cover\" srcset=\"https:\/\/www.xefi.ch\/wp-content\/uploads\/sites\/7\/2025\/07\/maintenance-gain-temps-efficacite-xefi-partenaire-informatique-tpe-pme-bd.jpg 1920w, https:\/\/www.xefi.ch\/wp-content\/uploads\/sites\/7\/2025\/07\/maintenance-gain-temps-efficacite-xefi-partenaire-informatique-tpe-pme-bd-300x200.jpg 300w, https:\/\/www.xefi.ch\/wp-content\/uploads\/sites\/7\/2025\/07\/maintenance-gain-temps-efficacite-xefi-partenaire-informatique-tpe-pme-bd-1024x683.jpg 1024w, https:\/\/www.xefi.ch\/wp-content\/uploads\/sites\/7\/2025\/07\/maintenance-gain-temps-efficacite-xefi-partenaire-informatique-tpe-pme-bd-768x512.jpg 768w, https:\/\/www.xefi.ch\/wp-content\/uploads\/sites\/7\/2025\/07\/maintenance-gain-temps-efficacite-xefi-partenaire-informatique-tpe-pme-bd-1536x1024.jpg 1536w\" sizes=\"auto, (max-width: 1920px) 100vw, 1920px\" \/><\/figure>\n<\/div>\n<\/div>\n<\/div>\n<\/div>\n\n\n\n<div class=\"wp-block-group alignfull is-layout-constrained wp-container-core-group-is-layout-11c1ca01 wp-block-group-is-layout-constrained has-background\" style=\"padding-right:var(--wp--preset--spacing--50);padding-left:var(--wp--preset--spacing--50);background-image:url(&#039;https:\/\/www.xefi.fr\/wp-content\/uploads\/sites\/2\/2025\/05\/image_bandeau_prendre_contact-scaled.jpg&#039;);background-position:50% 50%;background-size:cover;background-attachment:scroll;\">\n<div class=\"wp-block-columns is-layout-flex wp-container-core-columns-is-layout-28f84493 wp-block-columns-is-layout-flex\">\n<div class=\"wp-block-column is-layout-flow wp-block-column-is-layout-flow\" style=\"padding-top:var(--wp--preset--spacing--50);padding-bottom:var(--wp--preset--spacing--50);flex-basis:33.33%\">\n<h3 class=\"wp-block-heading has-background-color has-text-color has-link-color wp-elements-07415e5abe33dc7fad6af309e234b6f1\">VOUS AVEZ BESOIN DE FAIRE MAINTENIR VOTRE \u00c9QUIPEMENT INFORMATIQUE ?<\/h3>\n\n\n\n<p class=\"has-background-color has-text-color has-link-color wp-elements-8545c582791ab9050bba57e62ff08542\">Nos \u00e9quipes vous accompagnent dans la gestion compl\u00e8te de votre \u00e9quipement.<\/p>\n\n\n\n<div class=\"wp-block-buttons is-layout-flex wp-block-buttons-is-layout-flex\">\n<div class=\"wp-block-button alt\"><a class=\"wp-block-button__link has-background-background-color has-background wp-element-button\" href=\"#contact-store\">nous contacter<\/a><\/div>\n<\/div>\n<\/div>\n\n\n\n<div class=\"wp-block-column is-layout-flow wp-block-column-is-layout-flow\" style=\"flex-basis:66.66%\"><\/div>\n<\/div>\n<\/div>\n\n\n\n<div class=\"wp-block-group alignfull has-grey-background-color has-background is-layout-constrained wp-container-core-group-is-layout-a47e864c wp-block-group-is-layout-constrained\" style=\"padding-top:var(--wp--preset--spacing--80);padding-right:var(--wp--preset--spacing--50);padding-bottom:var(--wp--preset--spacing--80);padding-left:var(--wp--preset--spacing--50)\">\n<h2 class=\"wp-block-heading has-text-align-center has-dark-color has-text-color has-link-color wp-elements-4f1055b16fe0c3637c1e54c00326bdea\" style=\"margin-bottom:var(--wp--preset--spacing--80)\">PAROLE \u00c0 <mark class=\"has-inline-color has-primary-color\">NOS EXPERTS<\/mark><\/h2>\n\n\n<script type=\"application\/ld+json\">{\"@context\":\"https:\/\/schema.org\",\"@graph\":[{\"@type\":\"TechArticle\",\"headline\":\"Check-list de rentr\u00e9e informatique (IT) pour les PME et TPE : Le guide de reprise sans bug\",\"dateCreated\":\"2026-09-01T11:33:07+02:00\",\"datePublished\":\"2026-09-01T11:33:07+02:00\",\"abstract\":\"En r\u00e9sum\u00e9 Vos collaborateurs reviennent lundi. Votre serveur, lui, est \u00e9teint depuis trois semaines et personne ne sait dans quel \u00e9tat il va se rallumer. C\u2019est ce d\u00e9calage qui transforme une rentr\u00e9e en journ\u00e9e perdue. Une checklist informatique avant la rentr\u00e9e sert exactement \u00e0 \u00e7a : r\u00e9gler le probl\u00e8me avant la r\u00e9ouverture, pas le matin [\u2026]\",\"inLanguage\":\"fr-CH\",\"url\":\"https:\/\/www.xefi.ch\/fr\/check-list-de-rentree-informatique-it-pour-les-pme\/\",\"author\":{\"@type\":\"Person\",\"name\":\"sladana\"},\"image\":{\"@type\":\"ImageObject\",\"url\":\"https:\/\/www.xefi.fr\/wp-content\/uploads\/sites\/2\/2026\/09\/check-list-de-rentree-informatique-it_XEFI-Partenaire-informatique-des-TPE-PME.webp\"}},{\"@type\":\"TechArticle\",\"headline\":\"Notre expert IT, S\u00e9bastien nous parle de nos solutions de maintenance\",\"dateCreated\":\"2025-07-29T12:35:53+02:00\",\"datePublished\":\"2025-07-29T12:35:53+02:00\",\"abstract\":\"En moins de 2 minutes, d\u00e9couvrez en vid\u00e9o, le t\u00e9moignage de notre expert en maintenance sur les solutions propos\u00e9es aux TPE et PME ! \\nPourquoi la maintenance informatique est-elle essentielle pour une TPE\/PME ? Quels sont les risques concrets pour l\u2019entreprise ? Comment XEFI y r\u00e9pond concr\u00e8tement ? \",\"inLanguage\":\"fr-CH\",\"url\":\"https:\/\/www.xefi.ch\/fr\/notre-expert-it-sebastien-nous-parle-de-nos-solutions-de-maintenance-informatique-pour-les-tpe-et-les-pme\/\",\"author\":{\"@type\":\"Person\",\"name\":\"sladana\"},\"image\":{\"@type\":\"ImageObject\",\"url\":\"https:\/\/www.xefi.ch\/wp-content\/uploads\/sites\/7\/2025\/07\/sebastien-expert-it-solution-maintenance-xefi-informatique-partenaire-des-tpe-pme.png\"}}]}<\/script><div class=\"manitoba-articles-carousel\" id=\"articles-carousel-4\"\n  data-max-items=\"5\" data-autoplay=\"false\" data-autoplay-delay=\"60000\">\n  <div class=\"swiper\">\n    <div class=\"swiper-wrapper\">\n            <div class=\"swiper-slide\">\n        <article class=\"article-card cut-border\">\n          <div class=\"article-media\">\n                        <div class=\"article-image\">\n              <figure>\n                <img loading=\"lazy\" decoding=\"async\" width=\"768\" height=\"513\" src=\"https:\/\/www.xefi.fr\/wp-content\/uploads\/sites\/2\/2026\/09\/check-list-de-rentree-informatique-it_XEFI-Partenaire-informatique-des-TPE-PME.webp\" class=\"attachment-medium_large size-medium_large wp-post-image wp-post-image\" alt=\"\" srcset=\"https:\/\/www.xefi.fr\/wp-content\/uploads\/sites\/2\/2026\/09\/check-list-de-rentree-informatique-it_XEFI-Partenaire-informatique-des-TPE-PME-768x513.webp 768w, https:\/\/www.xefi.fr\/wp-content\/uploads\/sites\/2\/2026\/09\/check-list-de-rentree-informatique-it_XEFI-Partenaire-informatique-des-TPE-PME-300x200.webp 300w, https:\/\/www.xefi.fr\/wp-content\/uploads\/sites\/2\/2026\/09\/check-list-de-rentree-informatique-it_XEFI-Partenaire-informatique-des-TPE-PME-1024x684.webp 1024w, https:\/\/www.xefi.fr\/wp-content\/uploads\/sites\/2\/2026\/09\/check-list-de-rentree-informatique-it_XEFI-Partenaire-informatique-des-TPE-PME-1536x1026.webp 1536w, https:\/\/www.xefi.fr\/wp-content\/uploads\/sites\/2\/2026\/09\/check-list-de-rentree-informatique-it_XEFI-Partenaire-informatique-des-TPE-PME.webp 1920w\" sizes=\"auto, (max-width: 768px) 100vw, 768px\" \/>              <\/figure>\n            <\/div>\n                      <\/div>\n\n          <div class=\"article-content\">\n            <p class=\"article-meta\">\n                            <span class=\"article-category\">\n                Cloud              <\/span>\n                          <\/p>\n\n            \n            <h3 class=\"article-title\">\n              <a href=\"https:\/\/www.xefi.ch\/fr\/check-list-de-rentree-informatique-it-pour-les-pme\/\">Check-list de rentr\u00e9e informatique (IT) pour les PME et TPE : Le guide de reprise sans bug<\/a>\n            <\/h3>\n\n            <p class=\"article-excerpt\">\n              En r\u00e9sum\u00e9 La rentr\u00e9e casse l&#8217;informatique des PME pour une raison m\u00e9canique : plusieurs semaines d&#8217;arr\u00eat, puis un rallumage simultan\u00e9. La panne se d\u00e9clare au red\u00e9marrage, pas pendant la fermeture. Dans 8 TPE\/PME sur 10, c&#8217;est le dirigeant qui porte la fonction informatique en plus de son m\u00e9tier (Sondage OpinionWay pour Cybermalveillance.gouv.fr, 2025). D&#8217;o\u00f9 l&#8217;int\u00e9r\u00eat&#8230;            <\/p>\n            <a class=\"article-btn\" aria-label=\"Check-list de rentr\u00e9e informatique (IT) pour les PME et TPE : Le guide de reprise sans bug\" href=\"https:\/\/www.xefi.ch\/fr\/check-list-de-rentree-informatique-it-pour-les-pme\/\">\n              Voir plus            <\/a>\n          <\/div>\n        <\/article>\n      <\/div>\n            <div class=\"swiper-slide\">\n        <article class=\"article-card cut-border\">\n          <div class=\"article-media\">\n                        <div class=\"article-video\">\n              <iframe loading=\"lazy\" title=\"Notre expert IT, S\u00e9bastien nous parle des solutions de maintenance informatique de XEFI\" width=\"500\" height=\"281\" src=\"https:\/\/www.youtube.com\/embed\/uXW3fZ0Mjf0?feature=oembed\" frameborder=\"0\" allow=\"accelerometer; autoplay; clipboard-write; encrypted-media; gyroscope; picture-in-picture; web-share\" referrerpolicy=\"strict-origin-when-cross-origin\" allowfullscreen><\/iframe>            <\/div>\n                      <\/div>\n\n          <div class=\"article-content\">\n            <p class=\"article-meta\">\n                            <span class=\"article-category\">\n                Maintenance              <\/span>\n                          <\/p>\n\n                        <p class=\"article-tags\">\n                            <span class=\"article-tag\">\n                depannage informatique              <\/span>\n                            <span class=\"article-tag\">\n                maintenance preventive              <\/span>\n                          <\/p>\n            \n            <h3 class=\"article-title\">\n              <a href=\"https:\/\/www.xefi.ch\/fr\/notre-expert-it-sebastien-nous-parle-de-nos-solutions-de-maintenance-informatique-pour-les-tpe-et-les-pme\/\">Notre expert IT, S\u00e9bastien nous parle de nos solutions de maintenance<\/a>\n            <\/h3>\n\n            <p class=\"article-excerpt\">\n              En moins de 2 minutes, d\u00e9couvrez en vid\u00e9o, le t\u00e9moignage de notre expert en maintenance sur les solutions propos\u00e9es aux TPE et PME ! \nPourquoi la maintenance informatique est-elle essentielle pour une TPE\/PME ? Quels sont les risques concrets pour l\u2019entreprise ? Comment XEFI y r\u00e9pond concr\u00e8tement ?             <\/p>\n            <a class=\"article-btn\" aria-label=\"Notre expert IT, S\u00e9bastien nous parle de nos solutions de maintenance\" href=\"https:\/\/www.xefi.ch\/fr\/notre-expert-it-sebastien-nous-parle-de-nos-solutions-de-maintenance-informatique-pour-les-tpe-et-les-pme\/\">\n              Voir plus            <\/a>\n          <\/div>\n        <\/article>\n      <\/div>\n          <\/div>\n\n        <div class=\"swiper-pagination\"><\/div>\n      <\/div>\n    <div class=\"swiper-button-next\" data-nav-next=\"articles-carousel-4\"><\/div>\n  <div class=\"swiper-button-prev\" data-nav-prev=\"articles-carousel-4\"><\/div>\n  <\/div>\n\n\n\n\n<div class=\"wp-block-buttons is-content-justification-center is-layout-flex wp-container-core-buttons-is-layout-46a81f07 wp-block-buttons-is-layout-flex\" style=\"margin-top:var(--wp--preset--spacing--80)\">\n<div class=\"wp-block-button\"><a class=\"wp-block-button__link has-background-color has-dark-background-color has-text-color has-background has-link-color has-text-align-left wp-element-button\" href=\"https:\/\/www.xefi.ch\/fr\/decouvrir-xefi\/a-propos-de-nous\/conseils-d-experts-et-actualites\/\">Voir tous nos conseils d&#8217;experts<\/a><\/div>\n<\/div>\n<\/div>\n\n\n\n<div class=\"wp-block-group alignfull has-background-color has-dark-background-color has-text-color has-background has-link-color wp-elements-8dd72ae673b482423c589a97c0a94bd5 is-layout-constrained wp-container-core-group-is-layout-656a57f4 wp-block-group-is-layout-constrained\" style=\"padding-top:var(--wp--preset--spacing--80);padding-right:var(--wp--preset--spacing--50);padding-bottom:var(--wp--preset--spacing--80);padding-left:var(--wp--preset--spacing--50)\">\n<div class=\"wp-block-columns is-layout-flex wp-container-core-columns-is-layout-14cf5ab5 wp-block-columns-is-layout-flex\">\n<div class=\"wp-block-column is-layout-flow wp-block-column-is-layout-flow\">\n<figure class=\"wp-block-image size-full cut-border\"><img loading=\"lazy\" decoding=\"async\" width=\"1920\" height=\"1280\" src=\"https:\/\/www.xefi.fr\/wp-content\/uploads\/sites\/2\/2025\/05\/expertise-xefi-pour-tpe-pme-bd.jpg\" alt=\"\" class=\"wp-image-10628\" style=\"aspect-ratio:16\/9;object-fit:cover\" srcset=\"https:\/\/www.xefi.ch\/wp-content\/uploads\/sites\/7\/2025\/05\/expertise-xefi-pour-tpe-pme-bd.jpg 1920w, https:\/\/www.xefi.ch\/wp-content\/uploads\/sites\/7\/2025\/05\/expertise-xefi-pour-tpe-pme-bd-300x200.jpg 300w, https:\/\/www.xefi.ch\/wp-content\/uploads\/sites\/7\/2025\/05\/expertise-xefi-pour-tpe-pme-bd-1024x683.jpg 1024w, https:\/\/www.xefi.ch\/wp-content\/uploads\/sites\/7\/2025\/05\/expertise-xefi-pour-tpe-pme-bd-768x512.jpg 768w, https:\/\/www.xefi.ch\/wp-content\/uploads\/sites\/7\/2025\/05\/expertise-xefi-pour-tpe-pme-bd-1536x1024.jpg 1536w\" sizes=\"auto, (max-width: 1920px) 100vw, 1920px\" \/><\/figure>\n<\/div>\n\n\n\n<div class=\"wp-block-column is-layout-flow wp-block-column-is-layout-flow\" style=\"padding-top:var(--wp--preset--spacing--60);padding-right:var(--wp--preset--spacing--50);padding-bottom:var(--wp--preset--spacing--60);padding-left:var(--wp--preset--spacing--50)\">\n<h3 class=\"wp-block-heading\" style=\"margin-bottom:var(--wp--preset--spacing--60)\">L\u2019EXPERTISE XEFI POUR LES TPE\/PME<\/h3>\n\n\n\n<ul class=\"wp-block-list\">\n<li><strong>Une approche cl\u00e9 en main, de l&#8217;installation au suivi<\/strong><\/li>\n\n\n\n<li><strong>Assistance t\u00e9l\u00e9phonique rapide<\/strong><\/li>\n\n\n\n<li><strong>Intervention sur site entre 4h et 36h<\/strong><\/li>\n\n\n\n<li><strong>28 ans d\u2019expertise m\u00e9tier<\/strong><\/li>\n<\/ul>\n<\/div>\n<\/div>\n<\/div>\n\n\n\n<div style=\"height:100px\" aria-hidden=\"true\" class=\"wp-block-spacer\"><\/div>\n\n\n\n<div class=\"wp-block-group alignfull is-layout-constrained wp-container-core-group-is-layout-11c1ca01 wp-block-group-is-layout-constrained has-background\" style=\"padding-right:var(--wp--preset--spacing--50);padding-left:var(--wp--preset--spacing--50);background-image:url(&#039;https:\/\/www.xefi.fr\/wp-content\/uploads\/sites\/2\/2025\/06\/image_metier_maintenance_livreblanc-1-scaled.jpg&#039;);background-position:50% 50%;background-size:cover;background-attachment:scroll;\">\n<div class=\"wp-block-columns is-layout-flex wp-container-core-columns-is-layout-28f84493 wp-block-columns-is-layout-flex\">\n<div class=\"wp-block-column is-layout-flow wp-block-column-is-layout-flow\" style=\"padding-top:var(--wp--preset--spacing--50);padding-bottom:var(--wp--preset--spacing--50);flex-basis:33.33%\">\n<h3 class=\"wp-block-heading has-background-color has-text-color has-link-color wp-elements-8526997e82e602c0ac3c8d34b25db9ae\" style=\"text-transform:uppercase\">Tout comprendre sur la maintenance informatique pour les PME<\/h3>\n\n\n\n<div class=\"wp-block-buttons is-layout-flex wp-block-buttons-is-layout-flex\">\n<div class=\"wp-block-button\"><a class=\"wp-block-button__link has-background-background-color has-background wp-element-button\" href=\"#contact-store\">NOUS CONTACTER<\/a><\/div>\n<\/div>\n<\/div>\n\n\n\n<div class=\"wp-block-column is-layout-flow wp-block-column-is-layout-flow\" style=\"flex-basis:66.66%\"><\/div>\n<\/div>\n<\/div>\n\n\n\n<div class=\"wp-block-group alignfull is-layout-constrained wp-container-core-group-is-layout-a47e864c wp-block-group-is-layout-constrained\" style=\"padding-top:var(--wp--preset--spacing--80);padding-right:var(--wp--preset--spacing--50);padding-bottom:var(--wp--preset--spacing--80);padding-left:var(--wp--preset--spacing--50)\">\n<h2 class=\"wp-block-heading has-text-align-center\" style=\"margin-bottom:var(--wp--preset--spacing--80)\">Foire aux <mark class=\"has-inline-color has-primary-color\">questions<\/mark><\/h2>\n\n\n\n<div class=\"wp-block-columns is-layout-flex wp-container-core-columns-is-layout-14cf5ab5 wp-block-columns-is-layout-flex\">\n<div class=\"wp-block-column is-layout-flow wp-container-core-column-is-layout-15ea44a4 wp-block-column-is-layout-flow\" style=\"flex-basis:60%\"><script type=\"application\/ld+json\">{\"@context\":\"https:\/\/schema.org\",\"@type\":\"FAQPage\",\"mainEntity\":[{\"@type\":\"Question\",\"name\":\"Que comprend l\u2019offre de maintenance XEFI ?\",\"acceptedAnswer\":{\"@type\":\"Answer\",\"text\":\"Un service tout inclus : supervision, pi\u00e8ces, main d\u2019\u0153uvre et d\u00e9placements illimit\u00e9s.\"}},{\"@type\":\"Question\",\"name\":\"Quels sont les d\u00e9lais d\u2019intervention en cas de panne ?\",\"acceptedAnswer\":{\"@type\":\"Answer\",\"text\":\"Nous intervenons entre 4h et 36h ouvrables, selon la gravit\u00e9 du probl\u00e8me.\"}},{\"@type\":\"Question\",\"name\":\"Puis-je souscrire \u00e0 un contrat de maintenance m\u00eame si je n\u2019ai pas achet\u00e9 mon mat\u00e9riel chez XEFI ?\",\"acceptedAnswer\":{\"@type\":\"Answer\",\"text\":\"Oui, nous assurons la maintenance de tout type de mat\u00e9riel informatique, quelle que soit son origine.\"}}]}<\/script>\t\t<div class=\"manitoba-faq-entries wp-block-manitoba-faq-faq-entries\" data-accordion-role=\"group\"\n\t\t\tdata-accordion-behavior=\"single\">\n\t\t\t\t\t\t\t<div class=\"manitoba-faq-item manitoba-faq-item--featured\" data-accordion-role=\"item\">\n\t\t\t\t\t<p class=\"manitoba-faq-question\">\n\t\t\t\t\t\t<button type=\"button\" id=\"faq-question-6994\" class=\"manitoba-faq-question-trigger\"\n\t\t\t\t\t\t\taria-expanded=\"false\" aria-controls=\"faq-answer-6994\">\n\t\t\t\t\t\t\t<span class=\"manitoba-faq-question-trigger-label\">Que comprend l\u2019offre de maintenance XEFI ?<\/span>\n\t\t\t\t\t\t<\/button>\n\t\t\t\t\t<\/p>\n\t\t\t\t\t<div class=\"manitoba-faq-answer\" id=\"faq-answer-6994\"\n\t\t\t\t\t\taria-labelledby=\"faq-question-6994\" hidden>\n\t\t\t\t\t\t\n<p>Un service tout inclus : supervision, pi\u00e8ces, main d&#8217;\u0153uvre et d\u00e9placements illimit\u00e9s.<\/p>\n\n\n\n<p><\/p>\n\n\t\t\t\t\t\t\t\t\t\t\t<\/div>\n\t\t\t\t<\/div>\n\t\t\t\t\t\t\t<div class=\"manitoba-faq-item manitoba-faq-item--featured\" data-accordion-role=\"item\">\n\t\t\t\t\t<p class=\"manitoba-faq-question\">\n\t\t\t\t\t\t<button type=\"button\" id=\"faq-question-6996\" class=\"manitoba-faq-question-trigger\"\n\t\t\t\t\t\t\taria-expanded=\"false\" aria-controls=\"faq-answer-6996\">\n\t\t\t\t\t\t\t<span class=\"manitoba-faq-question-trigger-label\">Quels sont les d\u00e9lais d\u2019intervention en cas de panne ?<\/span>\n\t\t\t\t\t\t<\/button>\n\t\t\t\t\t<\/p>\n\t\t\t\t\t<div class=\"manitoba-faq-answer\" id=\"faq-answer-6996\"\n\t\t\t\t\t\taria-labelledby=\"faq-question-6996\" hidden>\n\t\t\t\t\t\t\n<p>Nous intervenons entre 4h et 36h ouvrables, selon la gravit\u00e9 du probl\u00e8me.<\/p>\n\n\n\n<p><\/p>\n\n\t\t\t\t\t\t\t\t\t\t\t<\/div>\n\t\t\t\t<\/div>\n\t\t\t\t\t\t\t<div class=\"manitoba-faq-item manitoba-faq-item--featured\" data-accordion-role=\"item\">\n\t\t\t\t\t<p class=\"manitoba-faq-question\">\n\t\t\t\t\t\t<button type=\"button\" id=\"faq-question-6998\" class=\"manitoba-faq-question-trigger\"\n\t\t\t\t\t\t\taria-expanded=\"false\" aria-controls=\"faq-answer-6998\">\n\t\t\t\t\t\t\t<span class=\"manitoba-faq-question-trigger-label\">Puis-je souscrire \u00e0 un contrat de maintenance m\u00eame si je n\u2019ai pas achet\u00e9 mon mat\u00e9riel chez XEFI ?<\/span>\n\t\t\t\t\t\t<\/button>\n\t\t\t\t\t<\/p>\n\t\t\t\t\t<div class=\"manitoba-faq-answer\" id=\"faq-answer-6998\"\n\t\t\t\t\t\taria-labelledby=\"faq-question-6998\" hidden>\n\t\t\t\t\t\t\n<p>Oui, nous assurons la maintenance de tout type de mat\u00e9riel informatique, quelle que soit son origine.<\/p>\n\n\n\n<p><\/p>\n\n\t\t\t\t\t\t\t\t\t\t\t<\/div>\n\t\t\t\t<\/div>\n\t\t\t\t\t<\/div>\n<\/div>\n\n\n\n<div class=\"wp-block-column cut-border is-layout-flow wp-block-column-is-layout-flow\" style=\"padding-top:var(--wp--preset--spacing--20);padding-right:var(--wp--preset--spacing--20);padding-bottom:var(--wp--preset--spacing--20);padding-left:var(--wp--preset--spacing--20);flex-basis:40%\">\n<div class=\"wp-block-group cut-border has-light-background-color has-background is-layout-constrained wp-container-core-group-is-layout-db32e940 wp-block-group-is-layout-constrained\" style=\"padding-top:var(--wp--preset--spacing--60);padding-right:var(--wp--preset--spacing--60);padding-bottom:var(--wp--preset--spacing--60);padding-left:var(--wp--preset--spacing--60)\">\n<figure class=\"wp-block-image aligncenter size-full\" style=\"margin-bottom:var(--wp--preset--spacing--50)\"><img decoding=\"async\" src=\"https:\/\/www.xefi.fr\/wp-content\/uploads\/sites\/2\/2025\/05\/icon_faq_bubbles.svg\" alt=\"\" class=\"wp-image-348\" \/><\/figure>\n\n\n\n<div class=\"wp-block-buttons is-content-justification-center is-layout-flex wp-container-core-buttons-is-layout-a89b3969 wp-block-buttons-is-layout-flex\">\n<div class=\"wp-block-button\"><a class=\"wp-block-button__link has-background-color has-dark-background-color has-text-color has-background has-link-color wp-element-button\" href=\"https:\/\/www.xefi.ch\/fr\/foire-aux-questions\/\">Voir la faq<\/a><\/div>\n<\/div>\n<\/div>\n<\/div>\n<\/div>\n<\/div>\n\n\n\n<p><\/p>\n","protected":false},"excerpt":{"rendered":"<p>des pannes informatiques sont li\u00e9es \u00e0 un manque d\u2019entretien ou \u00e0 une mauvaise configuration Source : Techaisle \/ \u00e9tudes sectorielles estimation du co\u00fbt d\u20191h d\u2019arr\u00eat informatique pour une PME Source : Syntec Num\u00e9rique, Cigref, IDC de co\u00fbts li\u00e9s aux pannes peuvent \u00eatre \u00e9vit\u00e9s gr\u00e2ce \u00e0 une maintenance r\u00e9guli\u00e8re Source : IDC \/ Syntec Num\u00e9rique UNE [&hellip;]<\/p>\n","protected":false},"author":1,"featured_media":10853,"parent":0,"menu_order":1,"comment_status":"closed","ping_status":"closed","template":"page-metier","meta":{"_acf_changed":false,"footnotes":""},"class_list":["post-61","page","type-page","status-publish","has-post-thumbnail","hentry","page_location-menu-mobile","page_location-menu-principal","page_location-nos-solutions"],"acf":[],"_links":{"self":[{"href":"https:\/\/www.xefi.ch\/fr\/wp-json\/wp\/v2\/pages\/61","targetHints":{"allow":["GET"]}}],"collection":[{"href":"https:\/\/www.xefi.ch\/fr\/wp-json\/wp\/v2\/pages"}],"about":[{"href":"https:\/\/www.xefi.ch\/fr\/wp-json\/wp\/v2\/types\/page"}],"author":[{"embeddable":true,"href":"https:\/\/www.xefi.ch\/fr\/wp-json\/wp\/v2\/users\/1"}],"replies":[{"embeddable":true,"href":"https:\/\/www.xefi.ch\/fr\/wp-json\/wp\/v2\/comments?post=61"}],"version-history":[{"count":4,"href":"https:\/\/www.xefi.ch\/fr\/wp-json\/wp\/v2\/pages\/61\/revisions"}],"predecessor-version":[{"id":12794,"href":"https:\/\/www.xefi.ch\/fr\/wp-json\/wp\/v2\/pages\/61\/revisions\/12794"}],"wp:featuredmedia":[{"embeddable":true,"href":"https:\/\/www.xefi.ch\/fr\/wp-json\/wp\/v2\/media\/10853"}],"wp:attachment":[{"href":"https:\/\/www.xefi.ch\/fr\/wp-json\/wp\/v2\/media?parent=61"}],"curies":[{"name":"wp","href":"https:\/\/api.w.org\/{rel}","templated":true}]}}