{"id":94,"date":"2025-05-05T10:21:00","date_gmt":"2025-05-05T08:21:00","guid":{"rendered":"https:\/\/www.xefi.fr\/?page_id=94"},"modified":"2025-09-24T16:37:48","modified_gmt":"2025-09-24T14:37:48","slug":"reseau-securise-avec-pare-feu","status":"publish","type":"page","link":"https:\/\/www.xefi.ch\/fr\/securite\/securite-nos-solutions\/reseau-securise-avec-pare-feu\/","title":{"rendered":"R\u00e9seau s\u00e9curis\u00e9 avec pare-feu"},"content":{"rendered":"\n<div class=\"wp-block-group is-layout-constrained wp-container-core-group-is-layout-a47e864c wp-block-group-is-layout-constrained\" style=\"padding-top:var(--wp--preset--spacing--80);padding-right:var(--wp--preset--spacing--50);padding-bottom:var(--wp--preset--spacing--80);padding-left:var(--wp--preset--spacing--50)\">\n<h2 class=\"wp-block-heading has-text-align-center\" style=\"margin-bottom:var(--wp--preset--spacing--50)\">Votre entreprise est connect\u00e9e ? <mark class=\"has-inline-color has-primary-color\">Elle est donc expos\u00e9e aux intrusions<\/mark><\/h2>\n\n\n\n<p class=\"has-text-align-center\" style=\"margin-bottom:var(--wp--preset--spacing--80)\"><strong>Prot\u00e9gez votre r\u00e9seau et s\u00e9curisez chaque connexion gr\u00e2ce \u00e0 une solution supervis\u00e9e de pare-feu pour les TPE\/PME.<\/strong><\/p>\n\n\n\n<div class=\"wp-block-group cut-border has-dark-background-color has-background is-layout-constrained wp-container-core-group-is-layout-7db9d80f wp-block-group-is-layout-constrained\" style=\"padding-right:0;padding-left:0\">\n<div class=\"wp-block-columns is-layout-flex wp-container-core-columns-is-layout-e2f33555 wp-block-columns-is-layout-flex\" style=\"padding-top:var(--wp--preset--spacing--70);padding-right:var(--wp--preset--spacing--70);padding-bottom:var(--wp--preset--spacing--70);padding-left:var(--wp--preset--spacing--70)\">\n<div class=\"wp-block-column is-layout-flow wp-block-column-is-layout-flow\">\n<figure class=\"wp-block-image size-full cut-border\"><img loading=\"lazy\" decoding=\"async\" width=\"1920\" height=\"1280\" src=\"https:\/\/www.xefi.fr\/wp-content\/uploads\/sites\/2\/2025\/07\/securite-informatique-reseau-xefi-partenaire-informatique-des-tpe-pme-bd.jpg\" alt=\"securite-informatique-reseau-xefi-partenaire-informatique-des-tpe-pme-bd\" class=\"wp-image-10100\" style=\"aspect-ratio:16\/9;object-fit:cover\" srcset=\"https:\/\/www.xefi.ch\/wp-content\/uploads\/sites\/7\/2025\/07\/securite-informatique-reseau-xefi-partenaire-informatique-des-tpe-pme-bd.jpg 1920w, https:\/\/www.xefi.ch\/wp-content\/uploads\/sites\/7\/2025\/07\/securite-informatique-reseau-xefi-partenaire-informatique-des-tpe-pme-bd-300x200.jpg 300w, https:\/\/www.xefi.ch\/wp-content\/uploads\/sites\/7\/2025\/07\/securite-informatique-reseau-xefi-partenaire-informatique-des-tpe-pme-bd-1024x683.jpg 1024w, https:\/\/www.xefi.ch\/wp-content\/uploads\/sites\/7\/2025\/07\/securite-informatique-reseau-xefi-partenaire-informatique-des-tpe-pme-bd-768x512.jpg 768w, https:\/\/www.xefi.ch\/wp-content\/uploads\/sites\/7\/2025\/07\/securite-informatique-reseau-xefi-partenaire-informatique-des-tpe-pme-bd-1536x1024.jpg 1536w\" sizes=\"auto, (max-width: 1920px) 100vw, 1920px\" \/><\/figure>\n<\/div>\n\n\n\n<div class=\"wp-block-column is-layout-flow wp-block-column-is-layout-flow\" style=\"padding-right:0;padding-left:0\">\n<p class=\"has-background-color has-text-color has-link-color wp-elements-2d41156084b00ed939fe4a054e8f96bf\">Cyberattaques, intrusions, connexions non s\u00e9curis\u00e9es\u2026 Les menaces sont bien r\u00e9elles, <strong>m\u00eame pour une petite structure<\/strong>. Le pare-feu a pour r\u00f4le de <strong>contr\u00f4ler les connexions Internet, appliquer des r\u00e8gles de s\u00e9curit\u00e9 et bloquer le trafic Internet suspect<\/strong>.<br><br>\u2028Ce dernier est efficace uniquement s\u2019il est <strong>constamment mis \u00e0 jour et supervis\u00e9<\/strong>. La solution XEFI combine un pare-feu de derni\u00e8re g\u00e9n\u00e9ration, <strong>install\u00e9, supervis\u00e9 et mis \u00e0 jour<\/strong> par nos \u00e9quipes. Plus de zones d\u2019ombre : votre r\u00e9seau est fiable et prot\u00e9g\u00e9.<\/p>\n<\/div>\n<\/div>\n<\/div>\n<\/div>\n\n\n\n<div class=\"wp-block-group is-layout-constrained wp-container-core-group-is-layout-a47e864c wp-block-group-is-layout-constrained\" style=\"padding-top:var(--wp--preset--spacing--80);padding-right:var(--wp--preset--spacing--50);padding-bottom:var(--wp--preset--spacing--80);padding-left:var(--wp--preset--spacing--50)\">\n<div class=\"wp-block-columns is-layout-flex wp-container-core-columns-is-layout-7ee84d44 wp-block-columns-is-layout-flex\">\n<div class=\"wp-block-column is-layout-flow wp-container-core-column-is-layout-8a368f38 wp-block-column-is-layout-flow\"><div class=\"manitoba-chiffres-cle animated wp-block-manitoba-chiffres-chiffres-cle\" id=\"chiffre-1\">\n  <div class=\"manitoba-chiffres-number-wrapper\">\n    <p class=\"manitoba-chiffres-number-value\" data-number=\"71\"\n      data-animated=\"true\" style=\"\">\n      0    <\/p>\n        <p class=\"manitoba-chiffres-number-unit\" style=\"\">%<\/p>\n      <\/div>\n<\/div>\n\n\n\n\n<p class=\"has-text-align-center\" style=\"margin-bottom:var(--wp--preset--spacing--20)\">des TPE\/PME qui font l&#8217;objet d\u2019une cyberattaque ne s\u2019en remettent pas<\/p>\n\n\n\n<p class=\"has-text-align-center has-grey-color has-text-color has-link-color has-custom-small-font-size wp-elements-4bf413f04ae9e104547d5a1cc0443b16\">Source : \u00c9tude Symantec<\/p>\n<\/div>\n\n\n\n<div class=\"wp-block-column is-layout-flow wp-block-column-is-layout-flow\"><div class=\"manitoba-chiffres-cle animated wp-block-manitoba-chiffres-chiffres-cle\" id=\"chiffre-2\">\n  <div class=\"manitoba-chiffres-number-wrapper\">\n    <p class=\"manitoba-chiffres-number-value\" data-number=\"70\"\n      data-animated=\"true\" style=\"\">\n      0    <\/p>\n        <p class=\"manitoba-chiffres-number-unit\" style=\"\">%<\/p>\n      <\/div>\n<\/div>\n\n\n\n\n<p class=\"has-text-align-center\" style=\"margin-bottom:var(--wp--preset--spacing--20)\">des attaques parviennent \u00e0 chiffrer les donn\u00e9es<\/p>\n\n\n\n<p class=\"has-text-align-center has-grey-color has-text-color has-link-color has-custom-small-font-size wp-elements-16d92971cc4c96ad67cd4a8f5975d352\">Source : Sophos<\/p>\n<\/div>\n\n\n\n<div class=\"wp-block-column is-layout-flow wp-block-column-is-layout-flow\"><div class=\"manitoba-chiffres-cle animated wp-block-manitoba-chiffres-chiffres-cle\" id=\"chiffre-3\">\n  <div class=\"manitoba-chiffres-number-wrapper\">\n    <p class=\"manitoba-chiffres-number-value\" data-number=\"5,5\"\n      data-animated=\"true\" style=\"\">\n      0    <\/p>\n        <p class=\"manitoba-chiffres-number-unit\" style=\"\">%<\/p>\n      <\/div>\n<\/div>\n\n\n\n\n<p class=\"has-text-align-center\" style=\"margin-bottom:var(--wp--preset--spacing--20)\">des PME ma\u00eetrisent les risques li\u00e9s au RGPD<\/p>\n\n\n\n<p class=\"has-text-align-center has-grey-color has-text-color has-link-color has-custom-small-font-size wp-elements-ee46e8b681362c81dae36c6bae19cc46\">Source : Barom\u00e8tre RGPD 2024 de Mission RGPD<\/p>\n<\/div>\n<\/div>\n<\/div>\n\n\n\n<div class=\"wp-block-group alignfull has-grey-2-background-color has-background is-layout-constrained wp-container-core-group-is-layout-a47e864c wp-block-group-is-layout-constrained\" style=\"padding-top:var(--wp--preset--spacing--80);padding-right:var(--wp--preset--spacing--50);padding-bottom:var(--wp--preset--spacing--80);padding-left:var(--wp--preset--spacing--50)\">\n<h2 class=\"wp-block-heading has-text-align-center\" style=\"margin-bottom:var(--wp--preset--spacing--80)\">CE QUE COMPREND NOTRE <mark class=\"has-inline-color has-primary-color\">SOLUTION R\u00c9SEAU S\u00c9CURIS\u00c9<\/mark><\/h2>\n\n\n\n<div class=\"wp-block-group cut-border has-background-background-color has-background is-layout-constrained wp-container-core-group-is-layout-e04e6721 wp-block-group-is-layout-constrained\" style=\"margin-bottom:var(--wp--preset--spacing--70);padding-right:0;padding-left:0\">\n<div class=\"wp-block-columns is-layout-flex wp-container-core-columns-is-layout-e3273b51 wp-block-columns-is-layout-flex\" style=\"margin-bottom:0;padding-top:var(--wp--preset--spacing--70);padding-right:var(--wp--preset--spacing--70);padding-bottom:var(--wp--preset--spacing--70);padding-left:var(--wp--preset--spacing--70)\">\n<div class=\"wp-block-column is-layout-flow wp-block-column-is-layout-flow\">\n<figure class=\"wp-block-image size-full cut-border\"><img loading=\"lazy\" decoding=\"async\" width=\"1920\" height=\"1280\" src=\"https:\/\/www.xefi.fr\/wp-content\/uploads\/sites\/2\/2025\/07\/reseau-securise-pare-feu-xefi-partenaire-informatique-des-tpe-pme-bd.jpg\" alt=\"reseau-securise-pare-feu-xefi-partenaire-informatique-des-tpe-pme-bd\" class=\"wp-image-10104\" style=\"aspect-ratio:21\/9;object-fit:cover\" srcset=\"https:\/\/www.xefi.ch\/wp-content\/uploads\/sites\/7\/2025\/07\/reseau-securise-pare-feu-xefi-partenaire-informatique-des-tpe-pme-bd.jpg 1920w, https:\/\/www.xefi.ch\/wp-content\/uploads\/sites\/7\/2025\/07\/reseau-securise-pare-feu-xefi-partenaire-informatique-des-tpe-pme-bd-300x200.jpg 300w, https:\/\/www.xefi.ch\/wp-content\/uploads\/sites\/7\/2025\/07\/reseau-securise-pare-feu-xefi-partenaire-informatique-des-tpe-pme-bd-1024x683.jpg 1024w, https:\/\/www.xefi.ch\/wp-content\/uploads\/sites\/7\/2025\/07\/reseau-securise-pare-feu-xefi-partenaire-informatique-des-tpe-pme-bd-768x512.jpg 768w, https:\/\/www.xefi.ch\/wp-content\/uploads\/sites\/7\/2025\/07\/reseau-securise-pare-feu-xefi-partenaire-informatique-des-tpe-pme-bd-1536x1024.jpg 1536w\" sizes=\"auto, (max-width: 1920px) 100vw, 1920px\" \/><\/figure>\n<\/div>\n\n\n\n<div class=\"wp-block-column is-layout-flow wp-block-column-is-layout-flow\" style=\"padding-right:0;padding-left:0\">\n<h3 class=\"wp-block-heading\" style=\"margin-bottom:var(--wp--preset--spacing--60)\">PARE-FEU MIS \u00c0 JOUR ET SUPERVIS\u00c9<\/h3>\n\n\n\n<ul class=\"wp-block-list\">\n<li>Bo\u00eetier install\u00e9 sur site avec supervision \u00e0 distance<\/li>\n\n\n\n<li>Mise \u00e0 jour automatique, maintenance continue, intervention rapide<\/li>\n\n\n\n<li>Filtrage des connexions, blocage des menaces, acc\u00e8s distant s\u00e9curis\u00e9<\/li>\n<\/ul>\n<\/div>\n<\/div>\n<\/div>\n\n\n\n<div class=\"wp-block-group cut-border has-background-background-color has-background is-layout-constrained wp-container-core-group-is-layout-e04e6721 wp-block-group-is-layout-constrained\" style=\"margin-bottom:var(--wp--preset--spacing--70);padding-right:0;padding-left:0\">\n<div class=\"wp-block-columns is-layout-flex wp-container-core-columns-is-layout-e3273b51 wp-block-columns-is-layout-flex\" style=\"margin-bottom:0;padding-top:var(--wp--preset--spacing--70);padding-right:var(--wp--preset--spacing--70);padding-bottom:var(--wp--preset--spacing--70);padding-left:var(--wp--preset--spacing--70)\">\n<div class=\"wp-block-column is-layout-flow wp-block-column-is-layout-flow\" style=\"padding-right:0;padding-left:0\">\n<h3 class=\"wp-block-heading\" style=\"margin-bottom:var(--wp--preset--spacing--60)\">CONNEXION FLUIDE<\/h3>\n\n\n\n<ul class=\"wp-block-list\">\n<li>Des solutions WiFi adapt\u00e9es pour maintenir une connexion s\u00e9curis\u00e9e<\/li>\n\n\n\n<li>R\u00e9seaux priv\u00e9s et invit\u00e9s s\u00e9par\u00e9s, avec une authentification s\u00e9curis\u00e9e<\/li>\n\n\n\n<li>D\u00e9ploiement WiFi rapide en int\u00e9rieur, ext\u00e9rieur ou entrep\u00f4t<\/li>\n<\/ul>\n<\/div>\n\n\n\n<div class=\"wp-block-column is-layout-flow wp-block-column-is-layout-flow\">\n<figure class=\"wp-block-image size-full cut-border\"><img loading=\"lazy\" decoding=\"async\" width=\"1355\" height=\"942\" src=\"https:\/\/www.xefi.fr\/wp-content\/uploads\/sites\/2\/2025\/07\/Wi-Fi.png\" alt=\"\" class=\"wp-image-10920\" style=\"aspect-ratio:21\/9;object-fit:cover\" srcset=\"https:\/\/www.xefi.ch\/wp-content\/uploads\/sites\/7\/2025\/07\/Wi-Fi.png 1355w, https:\/\/www.xefi.ch\/wp-content\/uploads\/sites\/7\/2025\/07\/Wi-Fi-300x209.png 300w, https:\/\/www.xefi.ch\/wp-content\/uploads\/sites\/7\/2025\/07\/Wi-Fi-1024x712.png 1024w, https:\/\/www.xefi.ch\/wp-content\/uploads\/sites\/7\/2025\/07\/Wi-Fi-768x534.png 768w\" sizes=\"auto, (max-width: 1355px) 100vw, 1355px\" \/><\/figure>\n<\/div>\n<\/div>\n<\/div>\n\n\n\n<div class=\"wp-block-group cut-border has-background-background-color has-background is-layout-constrained wp-container-core-group-is-layout-e04e6721 wp-block-group-is-layout-constrained\" style=\"margin-bottom:var(--wp--preset--spacing--70);padding-right:0;padding-left:0\">\n<div class=\"wp-block-columns is-layout-flex wp-container-core-columns-is-layout-e3273b51 wp-block-columns-is-layout-flex\" style=\"margin-bottom:0;padding-top:var(--wp--preset--spacing--70);padding-right:var(--wp--preset--spacing--70);padding-bottom:var(--wp--preset--spacing--70);padding-left:var(--wp--preset--spacing--70)\">\n<div class=\"wp-block-column is-layout-flow wp-block-column-is-layout-flow\">\n<figure class=\"wp-block-image size-full cut-border\"><img loading=\"lazy\" decoding=\"async\" width=\"1920\" height=\"1280\" src=\"https:\/\/www.xefi.fr\/wp-content\/uploads\/sites\/2\/2025\/07\/conformite-legale-rgpd-xefi-partenaire-informatique-des-tpe-pme-bd.jpg\" alt=\"conformite-legale-rgpd-xefi-partenaire-informatique-des-tpe-pme-bd\" class=\"wp-image-10108\" style=\"aspect-ratio:21\/9;object-fit:cover\" srcset=\"https:\/\/www.xefi.ch\/wp-content\/uploads\/sites\/7\/2025\/07\/conformite-legale-rgpd-xefi-partenaire-informatique-des-tpe-pme-bd.jpg 1920w, https:\/\/www.xefi.ch\/wp-content\/uploads\/sites\/7\/2025\/07\/conformite-legale-rgpd-xefi-partenaire-informatique-des-tpe-pme-bd-300x200.jpg 300w, https:\/\/www.xefi.ch\/wp-content\/uploads\/sites\/7\/2025\/07\/conformite-legale-rgpd-xefi-partenaire-informatique-des-tpe-pme-bd-1024x683.jpg 1024w, https:\/\/www.xefi.ch\/wp-content\/uploads\/sites\/7\/2025\/07\/conformite-legale-rgpd-xefi-partenaire-informatique-des-tpe-pme-bd-768x512.jpg 768w, https:\/\/www.xefi.ch\/wp-content\/uploads\/sites\/7\/2025\/07\/conformite-legale-rgpd-xefi-partenaire-informatique-des-tpe-pme-bd-1536x1024.jpg 1536w\" sizes=\"auto, (max-width: 1920px) 100vw, 1920px\" \/><\/figure>\n<\/div>\n\n\n\n<div class=\"wp-block-column is-layout-flow wp-block-column-is-layout-flow\" style=\"padding-right:0;padding-left:0\">\n<h3 class=\"wp-block-heading\" style=\"margin-right:0;margin-bottom:var(--wp--preset--spacing--60);margin-left:0\">CONFORMIT\u00c9 L\u00c9GALE<\/h3>\n\n\n\n<ul class=\"wp-block-list\">\n<li>Stockage des journaux de connexion pendant 12 mois<\/li>\n\n\n\n<li>Solution conforme aux obligations RGPD<\/li>\n\n\n\n<li>Responsabilit\u00e9 juridique du dirigeant couverte<\/li>\n<\/ul>\n<\/div>\n<\/div>\n<\/div>\n<\/div>\n\n\n\n<div class=\"wp-block-group alignfull is-layout-constrained wp-container-core-group-is-layout-11c1ca01 wp-block-group-is-layout-constrained has-background\" style=\"padding-right:var(--wp--preset--spacing--50);padding-left:var(--wp--preset--spacing--50);background-image:url(&#039;https:\/\/www.xefi.fr\/wp-content\/uploads\/sites\/2\/2025\/06\/image_securite_contact-scaled.png&#039;);background-position:50% 50%;background-size:cover;background-attachment:scroll;\">\n<div class=\"wp-block-columns is-layout-flex wp-container-core-columns-is-layout-28f84493 wp-block-columns-is-layout-flex\">\n<div class=\"wp-block-column is-layout-flow wp-block-column-is-layout-flow\" style=\"padding-top:var(--wp--preset--spacing--50);padding-bottom:var(--wp--preset--spacing--50);flex-basis:33.33%\">\n<h3 class=\"wp-block-heading has-background-color has-text-color has-link-color wp-elements-52c20d9be62565a2680301efaf7a02b5\">UN SIMPLE CLIC PEUT METTRE TOUTE VOTRE ENTREPRISE \u00c0 L\u2019ARR\u00caT<\/h3>\n\n\n\n<p class=\"has-background-color has-text-color has-link-color wp-elements-1b3afa85ea456d66c76b268cf4b7a225\">Echangez avec un expert s\u00e9curit\u00e9 dans l\u2019heure<\/p>\n\n\n\n<div class=\"wp-block-buttons is-layout-flex wp-block-buttons-is-layout-flex\">\n<div class=\"wp-block-button alt\"><a class=\"wp-block-button__link has-background-background-color has-background wp-element-button\" href=\"#contact-store\">NOUS CONTACTER<\/a><\/div>\n<\/div>\n<\/div>\n\n\n\n<div class=\"wp-block-column is-layout-flow wp-block-column-is-layout-flow\" style=\"flex-basis:66.66%\"><\/div>\n<\/div>\n<\/div>\n\n\n\n<div class=\"wp-block-group alignfull has-background-background-color has-background is-layout-constrained wp-container-core-group-is-layout-a47e864c wp-block-group-is-layout-constrained\" style=\"padding-top:var(--wp--preset--spacing--80);padding-right:var(--wp--preset--spacing--50);padding-bottom:var(--wp--preset--spacing--80);padding-left:var(--wp--preset--spacing--50)\">\n<h2 class=\"wp-block-heading has-text-align-center\" style=\"margin-bottom:var(--wp--preset--spacing--80)\">CE QUI FAIT <mark class=\"has-inline-color has-primary-color\">LA DIFF\u00c9RENCE XEFI<\/mark><\/h2>\n\n\n\n<div class=\"wp-block-columns is-layout-flex wp-container-core-columns-is-layout-f5a44f5b wp-block-columns-is-layout-flex\">\n<div class=\"wp-block-column is-vertically-aligned-top is-layout-flow wp-block-column-is-layout-flow\">\n<figure class=\"wp-block-image aligncenter size-full\" style=\"margin-bottom:var(--wp--preset--spacing--50)\"><img decoding=\"async\" src=\"https:\/\/www.xefi.fr\/wp-content\/uploads\/sites\/2\/2025\/06\/icon_reseau_protege.svg\" alt=\"\" class=\"wp-image-6432\"\/><\/figure>\n\n\n\n<p class=\"has-text-align-center has-custom-medium-font-size\"><strong>R\u00e9seau prot\u00e9g\u00e9<\/strong><\/p>\n\n\n\n<p class=\"has-text-align-center\">Pare-feu supervis\u00e9 par des experts et mises \u00e0 jour automatiques<\/p>\n<\/div>\n\n\n\n<div class=\"wp-block-column is-layout-flow wp-block-column-is-layout-flow\">\n<figure class=\"wp-block-image aligncenter size-full\" style=\"margin-bottom:var(--wp--preset--spacing--50)\"><img decoding=\"async\" src=\"https:\/\/www.xefi.fr\/wp-content\/uploads\/sites\/2\/2025\/06\/icon_acces_distance.svg\" alt=\"\" class=\"wp-image-6428\"\/><\/figure>\n\n\n\n<p class=\"has-text-align-center has-custom-medium-font-size\"><strong>Acc\u00e8s \u00e0 distance s\u00e9curis\u00e9<\/strong><\/p>\n\n\n\n<p class=\"has-text-align-center\">Connexion s\u00e9curis\u00e9e m\u00eame en dehors de vos locaux<\/p>\n<\/div>\n\n\n\n<div class=\"wp-block-column is-layout-flow wp-block-column-is-layout-flow\">\n<figure class=\"wp-block-image aligncenter size-full\" style=\"margin-bottom:var(--wp--preset--spacing--50)\"><img decoding=\"async\" src=\"https:\/\/www.xefi.fr\/wp-content\/uploads\/sites\/2\/2025\/06\/icon_rgpd.svg\" alt=\"\" class=\"wp-image-6434\"\/><\/figure>\n\n\n\n<p class=\"has-text-align-center has-custom-medium-font-size\"><strong>Conformit\u00e9 RGPD<\/strong><\/p>\n\n\n\n<p class=\"has-text-align-center\">Stockage des logs et protection de votre responsabilit\u00e9<\/p>\n<\/div>\n\n\n\n<div class=\"wp-block-column is-layout-flow wp-block-column-is-layout-flow\">\n<figure class=\"wp-block-image aligncenter size-full\" style=\"margin-bottom:var(--wp--preset--spacing--50)\"><img decoding=\"async\" src=\"https:\/\/www.xefi.fr\/wp-content\/uploads\/sites\/2\/2025\/06\/icon_installation_cle_main.svg\" alt=\"\" class=\"wp-image-6430\"\/><\/figure>\n\n\n\n<p class=\"has-text-align-center has-custom-medium-font-size\"><strong>Installation cl\u00e9 en main<\/strong><\/p>\n\n\n\n<p class=\"has-text-align-center\">\u00c9quipement, configuration, support : tout est inclus<\/p>\n<\/div>\n<\/div>\n<\/div>\n\n\n\n<div class=\"wp-block-group alignfull has-background-color has-dark-background-color has-text-color has-background has-link-color wp-elements-8dd72ae673b482423c589a97c0a94bd5 is-layout-constrained wp-container-core-group-is-layout-656a57f4 wp-block-group-is-layout-constrained\" style=\"padding-top:var(--wp--preset--spacing--80);padding-right:var(--wp--preset--spacing--50);padding-bottom:var(--wp--preset--spacing--80);padding-left:var(--wp--preset--spacing--50)\">\n<div class=\"wp-block-columns is-layout-flex wp-container-core-columns-is-layout-14cf5ab5 wp-block-columns-is-layout-flex\">\n<div class=\"wp-block-column is-layout-flow wp-block-column-is-layout-flow\">\n<figure class=\"wp-block-image size-full cut-border\"><img loading=\"lazy\" decoding=\"async\" width=\"1920\" height=\"1280\" src=\"https:\/\/www.xefi.fr\/wp-content\/uploads\/sites\/2\/2025\/05\/expertise-xefi-pour-tpe-pme-bd.jpg\" alt=\"\" class=\"wp-image-10628\" style=\"aspect-ratio:16\/9;object-fit:cover\" srcset=\"https:\/\/www.xefi.ch\/wp-content\/uploads\/sites\/7\/2025\/05\/expertise-xefi-pour-tpe-pme-bd.jpg 1920w, https:\/\/www.xefi.ch\/wp-content\/uploads\/sites\/7\/2025\/05\/expertise-xefi-pour-tpe-pme-bd-300x200.jpg 300w, https:\/\/www.xefi.ch\/wp-content\/uploads\/sites\/7\/2025\/05\/expertise-xefi-pour-tpe-pme-bd-1024x683.jpg 1024w, https:\/\/www.xefi.ch\/wp-content\/uploads\/sites\/7\/2025\/05\/expertise-xefi-pour-tpe-pme-bd-768x512.jpg 768w, https:\/\/www.xefi.ch\/wp-content\/uploads\/sites\/7\/2025\/05\/expertise-xefi-pour-tpe-pme-bd-1536x1024.jpg 1536w\" sizes=\"auto, (max-width: 1920px) 100vw, 1920px\" \/><\/figure>\n<\/div>\n\n\n\n<div class=\"wp-block-column is-layout-flow wp-block-column-is-layout-flow\" style=\"padding-top:var(--wp--preset--spacing--60);padding-right:var(--wp--preset--spacing--50);padding-bottom:var(--wp--preset--spacing--60);padding-left:var(--wp--preset--spacing--50)\">\n<h3 class=\"wp-block-heading\" style=\"margin-bottom:var(--wp--preset--spacing--60)\">L\u2019EXPERTISE XEFI POUR LES TPE\/PME<\/h3>\n\n\n\n<ul class=\"wp-block-list\">\n<li><strong>Une approche cl\u00e9 en main, de l&#8217;installation au suivi<\/strong><\/li>\n\n\n\n<li><strong>Assistance t\u00e9l\u00e9phonique rapide<\/strong><\/li>\n\n\n\n<li><strong>Intervention sur site entre 4h et 36h<\/strong><\/li>\n\n\n\n<li><strong>28 ans d\u2019expertise m\u00e9tier<\/strong><\/li>\n<\/ul>\n<\/div>\n<\/div>\n<\/div>\n\n\n\n<div class=\"wp-block-group alignfull has-grey-background-color has-background is-layout-constrained wp-container-core-group-is-layout-a47e864c wp-block-group-is-layout-constrained\" style=\"padding-top:var(--wp--preset--spacing--80);padding-right:var(--wp--preset--spacing--50);padding-bottom:var(--wp--preset--spacing--80);padding-left:var(--wp--preset--spacing--50)\">\n<h2 class=\"wp-block-heading has-text-align-center has-dark-color has-text-color has-link-color wp-elements-4f1055b16fe0c3637c1e54c00326bdea\" style=\"margin-bottom:var(--wp--preset--spacing--80)\">PAROLE \u00c0 <mark class=\"has-inline-color has-primary-color\">NOS EXPERTS<\/mark><\/h2>\n\n\n<script type=\"application\/ld+json\">{\"@context\":\"https:\/\/schema.org\",\"@graph\":[{\"@type\":\"TechArticle\",\"headline\":\"Check-list de rentr\u00e9e informatique (IT) pour les PME et TPE : Le guide de reprise sans bug\",\"dateCreated\":\"2026-09-01T11:33:07+02:00\",\"datePublished\":\"2026-09-01T11:33:07+02:00\",\"abstract\":\"En r\u00e9sum\u00e9 Vos collaborateurs reviennent lundi. Votre serveur, lui, est \u00e9teint depuis trois semaines et personne ne sait dans quel \u00e9tat il va se rallumer. C\u2019est ce d\u00e9calage qui transforme une rentr\u00e9e en journ\u00e9e perdue. Une checklist informatique avant la rentr\u00e9e sert exactement \u00e0 \u00e7a : r\u00e9gler le probl\u00e8me avant la r\u00e9ouverture, pas le matin [\u2026]\",\"inLanguage\":\"fr-CH\",\"url\":\"https:\/\/www.xefi.ch\/fr\/check-list-de-rentree-informatique-it-pour-les-pme\/\",\"author\":{\"@type\":\"Person\",\"name\":\"sladana\"},\"image\":{\"@type\":\"ImageObject\",\"url\":\"https:\/\/www.xefi.fr\/wp-content\/uploads\/sites\/2\/2026\/09\/check-list-de-rentree-informatique-it_XEFI-Partenaire-informatique-des-TPE-PME.webp\"}},{\"@type\":\"TechArticle\",\"headline\":\"Notre experte IT, Lucile nous parle de nos solutions de s\u00e9curit\u00e9\",\"dateCreated\":\"2025-06-13T17:32:16+02:00\",\"datePublished\":\"2025-06-13T17:32:16+02:00\",\"abstract\":\"En moins de 2 minutes, d\u00e9couvrez en vid\u00e9o, le t\u00e9moignage de notre experte en s\u00e9curit\u00e9 sur les solutions propos\u00e9es aux TPE et PME pour se prot\u00e9ger des menaces informatiques ! Quels sont les risques d\u2019une faille de s\u00e9curit\u00e9 pour une entreprise ? Pourquoi les TPE et PME sont particuli\u00e8rement vis\u00e9es par les cyberattaques ? Comment [\u2026]\",\"inLanguage\":\"fr-CH\",\"url\":\"https:\/\/www.xefi.ch\/fr\/notre-experte-it-lucille-nous-parle-de-nos-solutions-en-securite-informatique-pour-les-tpe-et-pme\/\",\"author\":{\"@type\":\"Person\",\"name\":\"master\"},\"image\":{\"@type\":\"ImageObject\",\"url\":\"https:\/\/www.xefi.ch\/wp-content\/uploads\/sites\/7\/2025\/06\/lucille-experte-it-solution-securite-xefi-informatique-partenaire-des-tpe-pme.png\"}}]}<\/script><div class=\"manitoba-articles-carousel\" id=\"articles-carousel-4\"\n  data-max-items=\"3\" data-autoplay=\"false\" data-autoplay-delay=\"60000\">\n  <div class=\"swiper\">\n    <div class=\"swiper-wrapper\">\n            <div class=\"swiper-slide\">\n        <article class=\"article-card cut-border\">\n          <div class=\"article-media\">\n                        <div class=\"article-image\">\n              <figure>\n                <img loading=\"lazy\" decoding=\"async\" width=\"768\" height=\"513\" src=\"https:\/\/www.xefi.fr\/wp-content\/uploads\/sites\/2\/2026\/09\/check-list-de-rentree-informatique-it_XEFI-Partenaire-informatique-des-TPE-PME.webp\" class=\"attachment-medium_large size-medium_large wp-post-image wp-post-image\" alt=\"\" srcset=\"https:\/\/www.xefi.fr\/wp-content\/uploads\/sites\/2\/2026\/09\/check-list-de-rentree-informatique-it_XEFI-Partenaire-informatique-des-TPE-PME-768x513.webp 768w, https:\/\/www.xefi.fr\/wp-content\/uploads\/sites\/2\/2026\/09\/check-list-de-rentree-informatique-it_XEFI-Partenaire-informatique-des-TPE-PME-300x200.webp 300w, https:\/\/www.xefi.fr\/wp-content\/uploads\/sites\/2\/2026\/09\/check-list-de-rentree-informatique-it_XEFI-Partenaire-informatique-des-TPE-PME-1024x684.webp 1024w, https:\/\/www.xefi.fr\/wp-content\/uploads\/sites\/2\/2026\/09\/check-list-de-rentree-informatique-it_XEFI-Partenaire-informatique-des-TPE-PME-1536x1026.webp 1536w, https:\/\/www.xefi.fr\/wp-content\/uploads\/sites\/2\/2026\/09\/check-list-de-rentree-informatique-it_XEFI-Partenaire-informatique-des-TPE-PME.webp 1920w\" sizes=\"auto, (max-width: 768px) 100vw, 768px\" \/>              <\/figure>\n            <\/div>\n                      <\/div>\n\n          <div class=\"article-content\">\n            <p class=\"article-meta\">\n                            <span class=\"article-category\">\n                Cloud              <\/span>\n                          <\/p>\n\n            \n            <h3 class=\"article-title\">\n              <a href=\"https:\/\/www.xefi.ch\/fr\/check-list-de-rentree-informatique-it-pour-les-pme\/\">Check-list de rentr\u00e9e informatique (IT) pour les PME et TPE : Le guide de reprise sans bug<\/a>\n            <\/h3>\n\n            <p class=\"article-excerpt\">\n              En r\u00e9sum\u00e9 La rentr\u00e9e casse l&#8217;informatique des PME pour une raison m\u00e9canique : plusieurs semaines d&#8217;arr\u00eat, puis un rallumage simultan\u00e9. La panne se d\u00e9clare au red\u00e9marrage, pas pendant la fermeture. Dans 8 TPE\/PME sur 10, c&#8217;est le dirigeant qui porte la fonction informatique en plus de son m\u00e9tier (Sondage OpinionWay pour Cybermalveillance.gouv.fr, 2025). D&#8217;o\u00f9 l&#8217;int\u00e9r\u00eat&#8230;            <\/p>\n            <a class=\"article-btn\" aria-label=\"Check-list de rentr\u00e9e informatique (IT) pour les PME et TPE : Le guide de reprise sans bug\" href=\"https:\/\/www.xefi.ch\/fr\/check-list-de-rentree-informatique-it-pour-les-pme\/\">\n              Voir plus            <\/a>\n          <\/div>\n        <\/article>\n      <\/div>\n            <div class=\"swiper-slide\">\n        <article class=\"article-card cut-border\">\n          <div class=\"article-media\">\n                        <div class=\"article-video\">\n              <iframe loading=\"lazy\" title=\"Notre experte IT, Lucile nous parle des solutions de s\u00e9curit\u00e9 informatique de XEFI\" width=\"500\" height=\"281\" src=\"https:\/\/www.youtube.com\/embed\/tYAw_HV1Z7U?feature=oembed\" frameborder=\"0\" allow=\"accelerometer; autoplay; clipboard-write; encrypted-media; gyroscope; picture-in-picture; web-share\" referrerpolicy=\"strict-origin-when-cross-origin\" allowfullscreen><\/iframe>            <\/div>\n                      <\/div>\n\n          <div class=\"article-content\">\n            <p class=\"article-meta\">\n                            <span class=\"article-category\">\n                S\u00e9curit\u00e9              <\/span>\n                          <\/p>\n\n                        <p class=\"article-tags\">\n                            <span class=\"article-tag\">\n                antivirus              <\/span>\n                            <span class=\"article-tag\">\n                cyberattaque              <\/span>\n                            <span class=\"article-tag\">\n                ransomware              <\/span>\n                          <\/p>\n            \n            <h3 class=\"article-title\">\n              <a href=\"https:\/\/www.xefi.ch\/fr\/notre-experte-it-lucille-nous-parle-de-nos-solutions-en-securite-informatique-pour-les-tpe-et-pme\/\">Notre experte IT, Lucile nous parle de nos solutions de s\u00e9curit\u00e9<\/a>\n            <\/h3>\n\n            <p class=\"article-excerpt\">\n              En moins de 2 minutes, d\u00e9couvrez en vid\u00e9o, le t\u00e9moignage de notre experte en s\u00e9curit\u00e9 sur les solutions propos\u00e9es aux TPE et PME pour se prot\u00e9ger des menaces informatiques ! Quels sont les risques d\u2019une faille de s\u00e9curit\u00e9 pour une entreprise ? Pourquoi les TPE et PME sont particuli\u00e8rement vis\u00e9es par les cyberattaques ? Comment&#8230;            <\/p>\n            <a class=\"article-btn\" aria-label=\"Notre experte IT, Lucile nous parle de nos solutions de s\u00e9curit\u00e9\" href=\"https:\/\/www.xefi.ch\/fr\/notre-experte-it-lucille-nous-parle-de-nos-solutions-en-securite-informatique-pour-les-tpe-et-pme\/\">\n              Voir plus            <\/a>\n          <\/div>\n        <\/article>\n      <\/div>\n          <\/div>\n\n        <div class=\"swiper-pagination\"><\/div>\n      <\/div>\n    <div class=\"swiper-button-next\" data-nav-next=\"articles-carousel-4\"><\/div>\n  <div class=\"swiper-button-prev\" data-nav-prev=\"articles-carousel-4\"><\/div>\n  <\/div>\n\n\n\n\n<div class=\"wp-block-buttons is-content-justification-center is-layout-flex wp-container-core-buttons-is-layout-46a81f07 wp-block-buttons-is-layout-flex\" style=\"margin-top:var(--wp--preset--spacing--80)\">\n<div class=\"wp-block-button\"><a class=\"wp-block-button__link has-background-color has-dark-background-color has-text-color has-background has-link-color has-text-align-left wp-element-button\" href=\"https:\/\/www.xefi.ch\/fr\/decouvrir-xefi\/a-propos-de-nous\/conseils-d-experts-et-actualites\/\">Voir tous nos conseils d&#8217;experts<\/a><\/div>\n<\/div>\n<\/div>\n\n\n\n<div class=\"wp-block-group alignfull is-layout-constrained wp-container-core-group-is-layout-11c1ca01 wp-block-group-is-layout-constrained has-background\" style=\"padding-right:var(--wp--preset--spacing--50);padding-left:var(--wp--preset--spacing--50);background-image:url(&#039;https:\/\/www.xefi.fr\/wp-content\/uploads\/sites\/2\/2025\/06\/image_securite_livre_blanc-scaled.png&#039;);background-position:50% 50%;background-size:cover;background-attachment:scroll;\">\n<div class=\"wp-block-columns is-layout-flex wp-container-core-columns-is-layout-28f84493 wp-block-columns-is-layout-flex\">\n<div class=\"wp-block-column is-layout-flow wp-block-column-is-layout-flow\" style=\"padding-top:var(--wp--preset--spacing--50);padding-bottom:var(--wp--preset--spacing--50);flex-basis:33.33%\">\n<h3 class=\"wp-block-heading has-background-color has-text-color has-link-color wp-elements-26b227a5ee69271f455b176a301c413e\" style=\"text-transform:uppercase\">LA S\u00c9CURIT\u00c9 INFORMATIQUE DES TPE\/PME EST UN ENJEU MAJEUR<\/h3>\n\n\n\n<div class=\"wp-block-buttons is-layout-flex wp-block-buttons-is-layout-flex\">\n<div class=\"wp-block-button\"><a class=\"wp-block-button__link has-background-background-color has-background wp-element-button\" href=\"#contact-store\">NOUS CONTACTER<\/a><\/div>\n<\/div>\n<\/div>\n\n\n\n<div class=\"wp-block-column is-layout-flow wp-block-column-is-layout-flow\" style=\"flex-basis:66.66%\"><\/div>\n<\/div>\n<\/div>\n\n\n\n<div class=\"wp-block-group alignfull is-layout-constrained wp-container-core-group-is-layout-a47e864c wp-block-group-is-layout-constrained\" style=\"padding-top:var(--wp--preset--spacing--80);padding-right:var(--wp--preset--spacing--50);padding-bottom:var(--wp--preset--spacing--80);padding-left:var(--wp--preset--spacing--50)\">\n<h2 class=\"wp-block-heading has-text-align-center\" style=\"margin-bottom:var(--wp--preset--spacing--80)\">Foire aux <mark class=\"has-inline-color has-primary-color\">questions<\/mark><\/h2>\n\n\n\n<div class=\"wp-block-columns is-layout-flex wp-container-core-columns-is-layout-14cf5ab5 wp-block-columns-is-layout-flex\">\n<div class=\"wp-block-column is-layout-flow wp-container-core-column-is-layout-15ea44a4 wp-block-column-is-layout-flow\" style=\"flex-basis:60%\"><script type=\"application\/ld+json\">{\"@context\":\"https:\/\/schema.org\",\"@type\":\"FAQPage\",\"mainEntity\":[{\"@type\":\"Question\",\"name\":\"Une petite entreprise de 5 personnes peut-elle \u00eatre cibl\u00e9e par une cyberattaque ?\",\"acceptedAnswer\":{\"@type\":\"Answer\",\"text\":\"Les hackers ciblent toutes les organisations et d\u2019autant plus les petites structures qui sont g\u00e9n\u00e9ralement plus vuln\u00e9rables aux attaques !\"}},{\"@type\":\"Question\",\"name\":\"J\u2019ai d\u00e9j\u00e0 un antivirus, pourquoi devrais-je aussi installer un pare-feu ?\",\"acceptedAnswer\":{\"@type\":\"Answer\",\"text\":\"L\u2019antivirus prot\u00e8ge un poste et non pas un r\u00e9seau. Les attaques peuvent arriver de partout, il est n\u00e9cessaire de s\u00e9curiser l\u2019enti\u00e8ret\u00e9 de votre p\u00e9rim\u00e8tre.\"}},{\"@type\":\"Question\",\"name\":\"Pourquoi ne pas utiliser simplement une box Internet ?\",\"acceptedAnswer\":{\"@type\":\"Answer\",\"text\":\"Une box Internet n\u2019inclut pas les s\u00e9curit\u00e9s d\u2019un pare-feu : elle ne contr\u00f4le pas les connexions et ne stocke pas l\u2019historique de connexions.\"}}]}<\/script>\t\t<div class=\"manitoba-faq-entries wp-block-manitoba-faq-faq-entries\" data-accordion-role=\"group\"\n\t\t\tdata-accordion-behavior=\"single\">\n\t\t\t\t\t\t\t<div class=\"manitoba-faq-item manitoba-faq-item--featured\" data-accordion-role=\"item\">\n\t\t\t\t\t<p class=\"manitoba-faq-question\">\n\t\t\t\t\t\t<button type=\"button\" id=\"faq-question-7054\" class=\"manitoba-faq-question-trigger\"\n\t\t\t\t\t\t\taria-expanded=\"false\" aria-controls=\"faq-answer-7054\">\n\t\t\t\t\t\t\t<span class=\"manitoba-faq-question-trigger-label\">Une petite entreprise de 5 personnes peut-elle \u00eatre cibl\u00e9e par une cyberattaque ?<\/span>\n\t\t\t\t\t\t<\/button>\n\t\t\t\t\t<\/p>\n\t\t\t\t\t<div class=\"manitoba-faq-answer\" id=\"faq-answer-7054\"\n\t\t\t\t\t\taria-labelledby=\"faq-question-7054\" hidden>\n\t\t\t\t\t\t\n<p>Les hackers ciblent toutes les organisations et d&#8217;autant plus les petites structures qui sont g\u00e9n\u00e9ralement plus vuln\u00e9rables aux attaques !<\/p>\n\n\n\n<p><\/p>\n\n\t\t\t\t\t\t\t\t\t\t\t<\/div>\n\t\t\t\t<\/div>\n\t\t\t\t\t\t\t<div class=\"manitoba-faq-item manitoba-faq-item--featured\" data-accordion-role=\"item\">\n\t\t\t\t\t<p class=\"manitoba-faq-question\">\n\t\t\t\t\t\t<button type=\"button\" id=\"faq-question-7056\" class=\"manitoba-faq-question-trigger\"\n\t\t\t\t\t\t\taria-expanded=\"false\" aria-controls=\"faq-answer-7056\">\n\t\t\t\t\t\t\t<span class=\"manitoba-faq-question-trigger-label\">J&#8217;ai d\u00e9j\u00e0 un antivirus, pourquoi devrais-je aussi installer un pare-feu ?<\/span>\n\t\t\t\t\t\t<\/button>\n\t\t\t\t\t<\/p>\n\t\t\t\t\t<div class=\"manitoba-faq-answer\" id=\"faq-answer-7056\"\n\t\t\t\t\t\taria-labelledby=\"faq-question-7056\" hidden>\n\t\t\t\t\t\t\n<p>L\u2019antivirus prot\u00e8ge un poste et non pas un r\u00e9seau. Les attaques peuvent arriver de partout, il est n\u00e9cessaire de s\u00e9curiser l\u2019enti\u00e8ret\u00e9 de votre p\u00e9rim\u00e8tre.<\/p>\n\n\n\n<p><\/p>\n\n\t\t\t\t\t\t\t\t\t\t\t<\/div>\n\t\t\t\t<\/div>\n\t\t\t\t\t\t\t<div class=\"manitoba-faq-item manitoba-faq-item--featured\" data-accordion-role=\"item\">\n\t\t\t\t\t<p class=\"manitoba-faq-question\">\n\t\t\t\t\t\t<button type=\"button\" id=\"faq-question-7058\" class=\"manitoba-faq-question-trigger\"\n\t\t\t\t\t\t\taria-expanded=\"false\" aria-controls=\"faq-answer-7058\">\n\t\t\t\t\t\t\t<span class=\"manitoba-faq-question-trigger-label\">Pourquoi ne pas utiliser simplement une box Internet ?<\/span>\n\t\t\t\t\t\t<\/button>\n\t\t\t\t\t<\/p>\n\t\t\t\t\t<div class=\"manitoba-faq-answer\" id=\"faq-answer-7058\"\n\t\t\t\t\t\taria-labelledby=\"faq-question-7058\" hidden>\n\t\t\t\t\t\t\n<p>Une box Internet n&#8217;inclut pas les s\u00e9curit\u00e9s d&#8217;un pare-feu : elle ne contr\u00f4le pas les connexions et ne stocke pas l&#8217;historique de connexions.<\/p>\n\n\n\n<p><\/p>\n\n\t\t\t\t\t\t\t\t\t\t\t<\/div>\n\t\t\t\t<\/div>\n\t\t\t\t\t<\/div>\n<\/div>\n\n\n\n<div class=\"wp-block-column cut-border is-layout-flow wp-block-column-is-layout-flow\" style=\"padding-top:var(--wp--preset--spacing--20);padding-right:var(--wp--preset--spacing--20);padding-bottom:var(--wp--preset--spacing--20);padding-left:var(--wp--preset--spacing--20);flex-basis:40%\">\n<div class=\"wp-block-group cut-border has-light-background-color has-background is-layout-constrained wp-container-core-group-is-layout-db32e940 wp-block-group-is-layout-constrained\" style=\"padding-top:var(--wp--preset--spacing--60);padding-right:var(--wp--preset--spacing--60);padding-bottom:var(--wp--preset--spacing--60);padding-left:var(--wp--preset--spacing--60)\">\n<figure class=\"wp-block-image aligncenter size-full\" style=\"margin-bottom:var(--wp--preset--spacing--50)\"><img decoding=\"async\" src=\"https:\/\/www.xefi.fr\/wp-content\/uploads\/sites\/2\/2025\/05\/icon_faq_bubbles.svg\" alt=\"\" class=\"wp-image-348\"\/><\/figure>\n\n\n\n<div class=\"wp-block-buttons is-content-justification-center is-layout-flex wp-container-core-buttons-is-layout-a89b3969 wp-block-buttons-is-layout-flex\">\n<div class=\"wp-block-button\"><a class=\"wp-block-button__link has-background-color has-dark-background-color has-text-color has-background has-link-color wp-element-button\" href=\"https:\/\/www.xefi.ch\/fr\/foire-aux-questions\/\">Voir la faq<\/a><\/div>\n<\/div>\n<\/div>\n<\/div>\n<\/div>\n<\/div>\n\n\n\n<div class=\"wp-block-group alignfull has-grey-background-color has-background is-layout-constrained wp-container-core-group-is-layout-82fa407d wp-block-group-is-layout-constrained\" style=\"margin-top:0;margin-bottom:0;padding-top:var(--wp--preset--spacing--80);padding-right:var(--wp--preset--spacing--50);padding-bottom:var(--wp--preset--spacing--80);padding-left:var(--wp--preset--spacing--50)\">\n<h2 class=\"wp-block-heading has-text-align-center\" style=\"margin-bottom:var(--wp--preset--spacing--80)\">prot\u00e9gez l&#8217;int\u00e9gralit\u00e9 de votre <mark class=\"has-inline-color has-primary-color\">infrastructure informatique<\/mark><\/h2>\n\n\n<nav class=\"manitoba-intern-menu manitoba-intern-menu-cols-3 wp-block-manitoba-page-location-intern-menu\" aria-label=\"Menu interne\">\n  <ul class=\"manitoba-intern-menu-grid\">\n            <li class=\"manitoba-intern-menu-grid-item\">\n                  <a href=\"https:\/\/www.xefi.ch\/fr\/securite\/securite-nos-solutions\/protection-antivirus-et-anti-ransomwares\/\" class=\"manitoba-intern-menu-item\" aria-labelledby=\"menu-title-0\">\n                  <div class=\"manitoba-intern-menu-item-background\" style=\"background-image: url(https:\/\/www.xefi.fr\/wp-content\/uploads\/sites\/2\/2025\/06\/image_securite_antivirus-scaled.jpg);\" aria-hidden=\"true\"><\/div>\n          <div class=\"manitoba-intern-menu-item-overlay\">\n            <div class=\"manitoba-intern-menu-item-title-container\">\n              <h3 id=\"menu-title-0\" class=\"manitoba-intern-menu-item-title\">\n                Antivirus \/<br>Anti-ransomwares<\/h3>\n            <\/div>\n                      <\/div>\n                <\/a>\n          <\/li>\n        <li class=\"manitoba-intern-menu-grid-item\">\n                  <a href=\"https:\/\/www.xefi.ch\/fr\/securite\/securite-nos-solutions\/protection-antispam\/\" class=\"manitoba-intern-menu-item\" aria-labelledby=\"menu-title-1\">\n                  <div class=\"manitoba-intern-menu-item-background\" style=\"background-image: url(https:\/\/www.xefi.fr\/wp-content\/uploads\/sites\/2\/2025\/07\/antispam-xefi-partenaire-informatique-des-tpe-pme.jpg);\" aria-hidden=\"true\"><\/div>\n          <div class=\"manitoba-intern-menu-item-overlay\">\n            <div class=\"manitoba-intern-menu-item-title-container\">\n              <h3 id=\"menu-title-1\" class=\"manitoba-intern-menu-item-title\">\n                Antispam<\/h3>\n            <\/div>\n                      <\/div>\n                <\/a>\n          <\/li>\n        <li class=\"manitoba-intern-menu-grid-item\">\n                  <a href=\"https:\/\/www.xefi.ch\/fr\/securite\/securite-nos-solutions\/gestionnaire-de-mots-de-passe\/\" class=\"manitoba-intern-menu-item\" aria-labelledby=\"menu-title-2\">\n                  <div class=\"manitoba-intern-menu-item-background\" style=\"background-image: url(https:\/\/www.xefi.fr\/wp-content\/uploads\/sites\/2\/2025\/07\/gestionnaire-de-mot-de-passe-kalydian-xefi-partenaire-informatique-tpe-pme-2.png);\" aria-hidden=\"true\"><\/div>\n          <div class=\"manitoba-intern-menu-item-overlay\">\n            <div class=\"manitoba-intern-menu-item-title-container\">\n              <h3 id=\"menu-title-2\" class=\"manitoba-intern-menu-item-title\">\n                Gestionnaire de mots de passe<\/h3>\n            <\/div>\n                      <\/div>\n                <\/a>\n          <\/li>\n          <\/ul>\n<\/nav>\n<\/div>\n","protected":false},"excerpt":{"rendered":"<p>Votre entreprise est connect\u00e9e ? Elle est donc expos\u00e9e aux intrusions Prot\u00e9gez votre r\u00e9seau et s\u00e9curisez chaque connexion gr\u00e2ce \u00e0 une solution supervis\u00e9e de pare-feu pour les TPE\/PME. Cyberattaques, intrusions, connexions non s\u00e9curis\u00e9es\u2026 Les menaces sont bien r\u00e9elles, m\u00eame pour une petite structure. Le pare-feu a pour r\u00f4le de contr\u00f4ler les connexions Internet, appliquer des [&hellip;]<\/p>\n","protected":false},"author":1,"featured_media":6438,"parent":92,"menu_order":21,"comment_status":"closed","ping_status":"closed","template":"","meta":{"_acf_changed":false,"footnotes":""},"class_list":["post-94","page","type-page","status-publish","has-post-thumbnail","hentry","page_location-menu-mobile","page_location-menu-principal"],"acf":[],"_links":{"self":[{"href":"https:\/\/www.xefi.ch\/fr\/wp-json\/wp\/v2\/pages\/94","targetHints":{"allow":["GET"]}}],"collection":[{"href":"https:\/\/www.xefi.ch\/fr\/wp-json\/wp\/v2\/pages"}],"about":[{"href":"https:\/\/www.xefi.ch\/fr\/wp-json\/wp\/v2\/types\/page"}],"author":[{"embeddable":true,"href":"https:\/\/www.xefi.ch\/fr\/wp-json\/wp\/v2\/users\/1"}],"replies":[{"embeddable":true,"href":"https:\/\/www.xefi.ch\/fr\/wp-json\/wp\/v2\/comments?post=94"}],"version-history":[{"count":3,"href":"https:\/\/www.xefi.ch\/fr\/wp-json\/wp\/v2\/pages\/94\/revisions"}],"predecessor-version":[{"id":15095,"href":"https:\/\/www.xefi.ch\/fr\/wp-json\/wp\/v2\/pages\/94\/revisions\/15095"}],"up":[{"embeddable":true,"href":"https:\/\/www.xefi.ch\/fr\/wp-json\/wp\/v2\/pages\/92"}],"wp:featuredmedia":[{"embeddable":true,"href":"https:\/\/www.xefi.ch\/fr\/wp-json\/wp\/v2\/media\/6438"}],"wp:attachment":[{"href":"https:\/\/www.xefi.ch\/fr\/wp-json\/wp\/v2\/media?parent=94"}],"curies":[{"name":"wp","href":"https:\/\/api.w.org\/{rel}","templated":true}]}}